{"id":14848,"date":"2022-03-08T13:30:54","date_gmt":"2022-03-08T13:30:54","guid":{"rendered":"https:\/\/www.european-show-equipment.com\/?post_type=portfolio&#038;p=14848"},"modified":"2025-08-25T18:34:18","modified_gmt":"2025-08-25T18:34:18","slug":"fournisseur-materiel-audiovisuel-francfort","status":"publish","type":"portfolio","link":"https:\/\/www.european-show-equipment.com\/fr\/portfolio-item\/fournisseur-materiel-audiovisuel-francfort\/","title":{"rendered":"Mat\u00e9riel audiovisuel, Francfort"},"content":{"rendered":"<div id='full_slider_1'  class='avia-fullwidth-slider main_color avia-shadow   avia-builder-el-0  el_before_av_textblock  avia-builder-el-first   container_wrap fullsize'  >\n<style type=\"text\/css\" data-created_by=\"avia_inline_auto\" id=\"style-css-av-mergg5wm-72127837efe755b47f881e2a0a5d5539\">\n#top #wrap_all .avia-slideshow .av-slideshow-caption.av-mergg5wm-72127837efe755b47f881e2a0a5d5539__0 .avia-caption-title{\ncolor:#ffffff;\n}\n\n@media only screen and (min-width: 990px){ \n#top #wrap_all .avia-slideshow .av-slideshow-caption.av-mergg5wm-72127837efe755b47f881e2a0a5d5539__0 .avia-caption-title{\nfont-size:40px;\n}\n}\n<\/style>\n<div  class='avia-slideshow av-mergg5wm-72127837efe755b47f881e2a0a5d5539 avia-slideshow-featured_large av_slideshow_full avia-fade-slider av-slideshow-ui av-control-default av-slideshow-manual av-loop-once av-loop-manual-endless av-default-height-applied   avia-slideshow-1' data-slideshow-options=\"{&quot;animation&quot;:&quot;fade&quot;,&quot;autoplay&quot;:false,&quot;loop_autoplay&quot;:&quot;once&quot;,&quot;interval&quot;:5,&quot;loop_manual&quot;:&quot;manual-endless&quot;,&quot;autoplay_stopper&quot;:false,&quot;noNavigation&quot;:false,&quot;bg_slider&quot;:false,&quot;transitionSpeed&quot;:100,&quot;keep_padding&quot;:false,&quot;hoverpause&quot;:false,&quot;show_slide_delay&quot;:0}\"  itemprop=\"image\" =\"\" itemtype=\"https:\/\/schema.org\/ImageObject\" ><ul class='avia-slideshow-inner ' style='padding-bottom: 42%;'><li  class='avia-slideshow-slide av-mergg5wm-72127837efe755b47f881e2a0a5d5539__0  av-single-slide slide-1 slide-odd'><div data-rel='slideshow-1' class='avia-slide-wrap '   ><div class='av-slideshow-caption av-mergg5wm-72127837efe755b47f881e2a0a5d5539__0 caption_fullwidth caption_left'><div class=\"container caption_container\"><div class=\"slideshow_caption\"><div class=\"slideshow_inner_caption\"><div class=\"slideshow_align_caption\"><h1 class='avia-caption-title '  itemprop=\"name\" >Location de mat\u00e9riel audiovisuel \u00e0 Francfort<\/h1><\/div><\/div><\/div><\/div><\/div><img decoding=\"async\" class=\"wp-image-23061 avia-img-lazy-loading-not-23061\"  src=\"https:\/\/www.european-show-equipment.com\/wp-content\/uploads\/2022\/03\/Photo-Francfort-1500x630.jpeg\" width=\"1500\" height=\"630\" title='Photo Francfort' alt=''  itemprop=\"thumbnailUrl\"   \/><div class='av-section-color-overlay' style='opacity: 0.2; background-color: #0a0a0a; '><\/div><\/div><\/li><\/ul><\/div><\/div><div id='after_full_slider_1'  class='main_color av_default_container_wrap container_wrap fullsize'  ><div class='container av-section-cont-open' ><div class='template-page content  av-content-full alpha units'><div class='post-entry post-entry-type-page post-entry-14848'><div class='entry-content-wrapper clearfix'>\n<section  class='av_textblock_section av-lkqxvfev-d473482144b23d22def622b55b82277a'  =\"\" itemtype=\"https:\/\/schema.org\/CreativeWork\" ><div class='avia_textblock'  itemprop=\"text\" ><p><span style=\"font-size: 14pt;\" data-sheets-value=\"{\" data-sheets-userformat=\"{\">Besoin de mat\u00e9riel audiovisuel \u00e0 louer \u00e0 Francfort ?<\/span><\/p>\n<h3>Technologie \u00e9v\u00e8nementielle fiable et professionnelle<\/h3>\n<p><span style=\"font-size: 14pt;\">\u2713 Location de mat\u00e9riel vid\u00e9o, audio, \u00e9clairage standard et solutions innovantes<\/span><\/p>\n<h3>Une \u00e9quipe comp\u00e9tente avec plus de 20 ans d\u2019exp\u00e9rience<\/h3>\n<p><span style=\"font-size: 14pt;\">\u2713 Passionn\u00e9e par la technologie \u00e9v\u00e8nementielle<\/span><\/p>\n<h3>Gestion et production de votre projet \u00e9v\u00e8nementiel de A \u00e0 Z:<\/h3>\n<p><span style=\"font-size: 14pt;\">\u2713 Organisation, planification, mise en \u0153uvre afin de vous faire profiter d\u2019un r\u00e9sultat optimum<\/span><\/p>\n<h3>R\u00e9ussite \u00e0 travers tous types d\u2019\u00e9v\u00e8nements<\/h3>\n<p><span style=\"font-size: 14pt;\">\u2713 Des congr\u00e8s aux foires et salons en passant par les \u00e9v\u00e8nements corporate\u00a0et\u00a0priv\u00e9s<\/span><\/p>\n<\/div><\/section>\n<div class='flex_column av-av_one_fourth-7714eba142aeda1f8b5272a3c372b279 av_one_fourth  avia-builder-el-2  el_after_av_textblock  el_before_av_one_half  first flex_column_div column-top-margin'     ><\/div>\n<div class='flex_column av-av_one_half-f1c518e9ff58e869f80c8f093487abc9 av_one_half  avia-builder-el-3  el_after_av_one_fourth  el_before_av_one_fourth  flex_column_div column-top-margin'     ><div  class='avia-button-wrap av-lkqxv40x-47aa3af59b034290a6d3531aaac4e0ac-wrap avia-button-center  avia-builder-el-4  avia-builder-el-no-sibling '><a href='#contact'  class='avia-button av-lkqxv40x-47aa3af59b034290a6d3531aaac4e0ac avia-icon_select-no avia-size-small avia-position-center avia-color-theme-color'  ><span class='avia_iconbox_title' >Contactez-nous<\/span><\/a><\/div><\/div><div class='flex_column av-av_one_fourth-f1c518e9ff58e869f80c8f093487abc9 av_one_fourth  avia-builder-el-5  el_after_av_one_half  el_before_av_section  avia-builder-el-last  flex_column_div column-top-margin'     ><\/div>\n<\/div><\/div><\/div><!-- close content main div --><\/div><\/div>\n<style type=\"text\/css\" data-created_by=\"avia_inline_auto\" id=\"style-css-av-lkqy559o-ff7e34c26f9531a04879af52934b2db8\">\n.avia-section.av-lkqy559o-ff7e34c26f9531a04879af52934b2db8{\nbackground-color:#eaeaea;\nbackground-image:unset;\n}\n<\/style>\n<div id='av_section_1'  class='avia-section av-lkqy559o-ff7e34c26f9531a04879af52934b2db8 main_color avia-section-default avia-no-border-styling  avia-builder-el-6  el_after_av_one_fourth  el_before_av_section  avia-bg-style-scroll container_wrap fullsize'  ><div class='container av-section-cont-open' ><div class='template-page content  av-content-full alpha units'><div class='post-entry post-entry-type-page post-entry-14848'><div class='entry-content-wrapper clearfix'>\n<section  class='av_textblock_section av-lkqxwofj-c42f46969ce78b2b27364744a9e39bd7'  =\"\" itemtype=\"https:\/\/schema.org\/CreativeWork\" ><div class='avia_textblock'  itemprop=\"text\" ><h3 style=\"text-align: center;\"><strong>UN LARGE CHOIX DE MAT\u00c9RIEL \u00c9V\u00c9NEMENTIEL HAUT DE GAMME<\/strong><\/h3>\n<\/div><\/section>\n\n<style type=\"text\/css\" data-created_by=\"avia_inline_auto\" id=\"style-css-av-lkqxvyt9-8fc7915ea38dc72a669f7c41103d1fd5\">\n#top .hr.hr-invisible.av-lkqxvyt9-8fc7915ea38dc72a669f7c41103d1fd5{\nheight:20px;\n}\n<\/style>\n<div  class='hr av-lkqxvyt9-8fc7915ea38dc72a669f7c41103d1fd5 hr-invisible  avia-builder-el-8  el_after_av_textblock  el_before_av_masonry_entries  avia-builder-el-last '><span class='hr-inner '><span class=\"hr-inner-style\"><\/span><\/span><\/div>\n<div id='av-masonry-1' class='av-masonry av-llnt3bn5-fff7042f80b1a0d9791565ca2f4fe0e0 noHover av-fixed-size av-large-gap av-hover-overlay- av-masonry-animation-active av-masonry-col-3 av-caption-always av-caption-style- av-masonry-entries '><div class=\"av-masonry-container isotope av-js-disabled\"><div class='av-masonry-entry isotope-item av-masonry-item-no-image '><\/div><a href=\"https:\/\/www.european-show-equipment.com\/fr\/portfolio-item\/location-ecran-geant\/\"  id='av-masonry-1-item-1739' data-av-masonry-item='1739' class='av-masonry-entry isotope-item post-1739 portfolio type-portfolio status-publish has-post-thumbnail tag-location-ecran-geant tag-location-mur-led portfolio_entries-location portfolio_entries-vermietung-fr  av-masonry-item-with-image' title=\"Murs LED sur-mesure, Davos (WEF)\"   =\"\" itemtype=\"https:\/\/schema.org\/CreativeWork\" ><div class='av-inner-masonry-sizer'><\/div><figure class='av-inner-masonry main_color'><div class=\"av-masonry-outerimage-container\"><div class='av-masonry-image-container' style=\"background-image: url(https:\/\/www.european-show-equipment.com\/wp-content\/uploads\/2023\/06\/WEF-2017-Davos-2mm-videowand-mieten-schweiz-705x470.png);\"  title=\"Murs LED sur-mesure, Davos (WEF)\"   alt=\"Murs LED sur-mesure en location, Davos (WEF)\" ><\/div><\/div><figcaption class='av-inner-masonry-content site-background'><div class='av-inner-masonry-content-pos'><div class='av-inner-masonry-content-pos-content'><div class='avia-arrow'><\/div><h3 class='av-masonry-entry-title entry-title '  itemprop=\"headline\" >\u00c9CRAN G\u00c9ANT LED<\/h3><div class='av-masonry-entry-content entry-content'  itemprop=\"text\" >\u00c9crans g\u00e9ants LED | Indoor l Outdoor<\/div><\/div><\/div><\/figcaption><\/figure><\/a><!--end av-masonry entry--><a href=\"https:\/\/www.european-show-equipment.com\/fr\/portfolio-item\/location-remorque-led\/\"  id='av-masonry-1-item-1737' data-av-masonry-item='1737' class='av-masonry-entry isotope-item post-1737 portfolio type-portfolio status-publish has-post-thumbnail portfolio_entries-location portfolio_entries-vermietung-fr  av-masonry-item-with-image' title=\"LED-Trailer-square\"   =\"\" itemtype=\"https:\/\/schema.org\/CreativeWork\" ><div class='av-inner-masonry-sizer'><\/div><figure class='av-inner-masonry main_color'><div class=\"av-masonry-outerimage-container\"><div class='av-masonry-image-container' style=\"background-image: url(https:\/\/www.european-show-equipment.com\/wp-content\/uploads\/2024\/01\/LED-Trailer-square-705x705.webp);\"  title=\"LED-Trailer-square\"   alt=\"Mobile LED Wand auf Trailer verkleidet mieten\" ><\/div><\/div><figcaption class='av-inner-masonry-content site-background'><div class='av-inner-masonry-content-pos'><div class='av-inner-masonry-content-pos-content'><div class='avia-arrow'><\/div><h3 class='av-masonry-entry-title entry-title '  itemprop=\"headline\" >REMORQUE LED<\/h3><div class='av-masonry-entry-content entry-content'  itemprop=\"text\" >\u00c9crans LED mobiles sur remorque<\/div><\/div><\/div><\/figcaption><\/figure><\/a><!--end av-masonry entry--><a href=\"https:\/\/www.european-show-equipment.com\/fr\/portfolio-item\/materiel-conference\/\"  id='av-masonry-1-item-2090' data-av-masonry-item='2090' class='av-masonry-entry isotope-item post-2090 portfolio type-portfolio status-publish has-post-thumbnail portfolio_entries-location portfolio_entries-vermietung-fr  av-masonry-item-with-image' title=\"Conference-2023 (2)\"   =\"\" itemtype=\"https:\/\/schema.org\/CreativeWork\" ><div class='av-inner-masonry-sizer'><\/div><figure class='av-inner-masonry main_color'><div class=\"av-masonry-outerimage-container\"><div class='av-masonry-image-container' style=\"background-image: url(https:\/\/www.european-show-equipment.com\/wp-content\/uploads\/2015\/01\/Conference-2023-2-705x420.webp);\"  title=\"Conference-2023 (2)\"  ><\/div><\/div><figcaption class='av-inner-masonry-content site-background'><div class='av-inner-masonry-content-pos'><div class='av-inner-masonry-content-pos-content'><div class='avia-arrow'><\/div><h3 class='av-masonry-entry-title entry-title '  itemprop=\"headline\" >MAT\u00c9RIEL DE CONF\u00c9RENCE<\/h3><div class='av-masonry-entry-content entry-content'  itemprop=\"text\" >Sonorisation | Vid\u00e9os | Headsets<\/div><\/div><\/div><\/figcaption><\/figure><\/a><!--end av-masonry entry--><a href=\"https:\/\/www.european-show-equipment.com\/fr\/portfolio-item\/location-ecran-plat\/\"  id='av-masonry-1-item-1729' data-av-masonry-item='1729' class='av-masonry-entry isotope-item post-1729 portfolio type-portfolio status-publish has-post-thumbnail portfolio_entries-location portfolio_entries-vermietung-fr  av-masonry-item-with-image' title=\"Flatscreen, Cannes-2024\"   =\"\" itemtype=\"https:\/\/schema.org\/CreativeWork\" ><div class='av-inner-masonry-sizer'><\/div><figure class='av-inner-masonry main_color'><div class=\"av-masonry-outerimage-container\"><div class='av-masonry-image-container' style=\"background-image: url(https:\/\/www.european-show-equipment.com\/wp-content\/uploads\/2023\/06\/Flatscreen-Cannes-2024-1-705x389.webp);\"  title=\"Flatscreen, Cannes-2024\"  ><\/div><\/div><figcaption class='av-inner-masonry-content site-background'><div class='av-inner-masonry-content-pos'><div class='av-inner-masonry-content-pos-content'><div class='avia-arrow'><\/div><h3 class='av-masonry-entry-title entry-title '  itemprop=\"headline\" >\u00c9CRANS PLATS<\/h3><div class='av-masonry-entry-content entry-content'  itemprop=\"text\" >\u00c9crans plats LCD 32\" - 98\" | sur support<\/div><\/div><\/div><\/figcaption><\/figure><\/a><!--end av-masonry entry--><a href=\"https:\/\/www.european-show-equipment.com\/fr\/portfolio-item\/location-borne-tactile\/\"  id='av-masonry-1-item-1736' data-av-masonry-item='1736' class='av-masonry-entry isotope-item post-1736 portfolio type-portfolio status-publish has-post-thumbnail portfolio_entries-location portfolio_entries-vermietung-fr  av-masonry-item-with-image' title=\"kiosk tactiles\"   =\"\" itemtype=\"https:\/\/schema.org\/CreativeWork\" ><div class='av-inner-masonry-sizer'><\/div><figure class='av-inner-masonry main_color'><div class=\"av-masonry-outerimage-container\"><div class='av-masonry-image-container' style=\"background-image: url(https:\/\/www.european-show-equipment.com\/wp-content\/uploads\/2023\/06\/kiosk-tactiles--705x705.webp);\"  title=\"kiosk tactiles\"  ><\/div><\/div><figcaption class='av-inner-masonry-content site-background'><div class='av-inner-masonry-content-pos'><div class='av-inner-masonry-content-pos-content'><div class='avia-arrow'><\/div><h3 class='av-masonry-entry-title entry-title '  itemprop=\"headline\" >BORNES TACTILES<\/h3><div class='av-masonry-entry-content entry-content'  itemprop=\"text\" >Bornes | Tables | Totems | Terminaux<\/div><\/div><\/div><\/figcaption><\/figure><\/a><!--end av-masonry entry--><a href=\"https:\/\/www.european-show-equipment.com\/fr\/portfolio-item\/location-affichage-en-cube-led\/\"  id='av-masonry-1-item-29188' data-av-masonry-item='29188' class='av-masonry-entry isotope-item post-29188 portfolio type-portfolio status-publish has-post-thumbnail portfolio_entries-location portfolio_entries-vermietung-fr  av-masonry-item-with-image' title=\"led-cube__\"   =\"\" itemtype=\"https:\/\/schema.org\/CreativeWork\" ><div class='av-inner-masonry-sizer'><\/div><figure class='av-inner-masonry main_color'><div class=\"av-masonry-outerimage-container\"><div class='av-masonry-image-container' style=\"background-image: url(https:\/\/www.european-show-equipment.com\/wp-content\/uploads\/2025\/05\/led-cube__-705x296.webp);\"  title=\"led-cube__\"  ><\/div><\/div><figcaption class='av-inner-masonry-content site-background'><div class='av-inner-masonry-content-pos'><div class='av-inner-masonry-content-pos-content'><div class='avia-arrow'><\/div><h3 class='av-masonry-entry-title entry-title '  itemprop=\"headline\" >AFFICHAGE EN CUBE LED<\/h3><div class='av-masonry-entry-content entry-content'  itemprop=\"text\" >Contenu Interactif | Contr\u00f4le \u00e0 Distance<\/div><\/div><\/div><\/figcaption><\/figure><\/a><!--end av-masonry entry--><\/div><a class='av-masonry-pagination av-masonry-load-more' href='#load-more'  data-link='portfolio_entries, 16'  data-wc_prod_visible=''  data-wc_prod_hidden='hide'  data-wc_prod_featured=''  data-prod_order_by=''  data-prod_order=''  data-date_filter=''  data-date_filter_start=''  data-date_filter_end=''  data-date_filter_format='yy\/mm\/dd'  data-period_filter_unit_1='1'  data-period_filter_unit_2='year'  data-sort='no'  data-query_orderby='date'  data-query_order='ASC'  data-caption_elements='title excerpt'  data-caption_styling=''  data-caption_display='always'  data-size='fixed'  data-orientation=''  data-image_size='masonry'  data-gap='large'  data-columns='3'  data-av-desktop-columns=''  data-av-medium-columns=''  data-av-small-columns=''  data-av-mini-columns=''  data-items='6'  data-paginate='load_more'  data-color=''  data-custom_bg=''  data-animation='active'  data-animation_duration=''  data-animation_custom_bg_color=''  data-animation_custom_bg_color_multi_list=''  data-animation_z_index_curtain='100'  data-overlay_fx=''  data-img_scrset=''  data-lazy_loading='disabled'  data-av-desktop-hide=''  data-av-medium-hide=''  data-av-small-hide=''  data-av-mini-hide=''  data-id=''  data-custom_class=''  data-template_class=''  data-element_template=''  data-one_element_template=''  data-show_locked_options_fakeArg=''  data-av_uid='av-llnt3bn5'  data-sc_version='1.0'  data-ids=''  data-action=''  data-post_type='post, page, attachment, revision, nav_menu_item, custom_css, customize_changeset, oembed_cache, user_request, wp_block, wp_template, wp_template_part, wp_global_styles, wp_navigation, wp_font_family, wp_font_face, forminator_forms, forminator_polls, forminator_quizzes, alb_elements, modula-gallery, ml-slider, ml-slide, portfolio, avia_framework_post, googlesitekit_email'  data-offset='0'  data-container_links='active'  data-link_dest=''  data-lightbox_text=''  data-container_class='av-masonry-entries'  data-auto_ratio='1.7'  data-set_breadcrumb='1'  data-custom_markup=''  data-taxonomy='portfolio_entries'  data-categories='16'  data-avno='c53feab58f'>Charger plus<\/a><\/div>\n\n<\/div><\/div><\/div><!-- close content main div --><\/div><\/div><div id='av_section_2'  class='avia-section av-8fnl9o-c4477b84228f173ef57efff8e48cefba main_color avia-section-default avia-no-border-styling  avia-builder-el-10  el_after_av_section  el_before_av_section  avia-bg-style-scroll container_wrap fullsize'  ><div class='container av-section-cont-open' ><div class='template-page content  av-content-full alpha units'><div class='post-entry post-entry-type-page post-entry-14848'><div class='entry-content-wrapper clearfix'>\n\n<style type=\"text\/css\" data-created_by=\"avia_inline_auto\" id=\"style-css-av-aoqefg-336ccfef4856a793a50fb1d0bab28b24\">\n.flex_column.av-aoqefg-336ccfef4856a793a50fb1d0bab28b24{\n-webkit-border-radius:0px 0px 0px 0px;\n-moz-border-radius:0px 0px 0px 0px;\nborder-radius:0px 0px 0px 0px;\npadding:0px 0px 0px 0px;\n}\n<\/style>\n<div class='flex_column av-aoqefg-336ccfef4856a793a50fb1d0bab28b24 av_one_full  avia-builder-el-11  el_before_av_hr  avia-builder-el-first  first flex_column_div av-zero-column-padding '     ><p><br \/>\n\n<style type=\"text\/css\" data-created_by=\"avia_inline_auto\" id=\"style-css-av-k7kesqao-cd100ac253eee26f7effdf06d57489f2\">\n#top .av-special-heading.av-k7kesqao-cd100ac253eee26f7effdf06d57489f2{\npadding-bottom:10px;\n}\nbody .av-special-heading.av-k7kesqao-cd100ac253eee26f7effdf06d57489f2 .av-special-heading-tag .heading-char{\nfont-size:25px;\n}\n.av-special-heading.av-k7kesqao-cd100ac253eee26f7effdf06d57489f2 .av-subheading{\nfont-size:15px;\n}\n<\/style>\n<div  class='av-special-heading av-k7kesqao-cd100ac253eee26f7effdf06d57489f2 av-special-heading-h2 blockquote modern-quote  avia-builder-el-13  el_after_av_codeblock  avia-builder-el-last  av-linked-heading'><h2 class='av-special-heading-tag'  itemprop=\"headline\"  >Nos r\u00e9alisations \u00e0 Francfort : le Salon Automechanika<\/h2><div class=\"special-heading-border\"><div class=\"special-heading-inner-border\"><\/div><\/div><\/div><\/p><\/div>\n<style type=\"text\/css\" data-created_by=\"avia_inline_auto\" id=\"style-css-av-7za64s-95c7a28b4f555cff283cf129ac65c2bb\">\n#top .hr.hr-invisible.av-7za64s-95c7a28b4f555cff283cf129ac65c2bb{\nheight:20px;\n}\n<\/style>\n<div  class='hr av-7za64s-95c7a28b4f555cff283cf129ac65c2bb hr-invisible  avia-builder-el-14  el_after_av_one_full  el_before_av_masonry_gallery  avia-builder-el-last '><span class='hr-inner '><span class=\"hr-inner-style\"><\/span><\/span><\/div>\n<div id='av-masonry-2' class='av-masonry av-asoid-c21b5b31adf92203eb0eeafd68eca174 noHover av-fixed-size av-large-gap av-hover-overlay- av-masonry-animation-active av-masonry-col-4 av-caption-always av-caption-style- av-masonry-gallery '><div class=\"av-masonry-container isotope av-js-disabled\"><div class='av-masonry-entry isotope-item av-masonry-item-no-image '><\/div><a href=\"https:\/\/www.european-show-equipment.com\/wp-content\/uploads\/2019\/09\/00083309-6417-4bdb-858d-21df4a16e2dc-1.jpg\" data-srcset=\"https:\/\/www.european-show-equipment.com\/wp-content\/uploads\/2019\/09\/00083309-6417-4bdb-858d-21df4a16e2dc-1.jpg 1024w, https:\/\/www.european-show-equipment.com\/wp-content\/uploads\/2019\/09\/00083309-6417-4bdb-858d-21df4a16e2dc-1-300x225.jpg 300w, https:\/\/www.european-show-equipment.com\/wp-content\/uploads\/2019\/09\/00083309-6417-4bdb-858d-21df4a16e2dc-1-768x576.jpg 768w, https:\/\/www.european-show-equipment.com\/wp-content\/uploads\/2019\/09\/00083309-6417-4bdb-858d-21df4a16e2dc-1-705x529.jpg 705w, https:\/\/www.european-show-equipment.com\/wp-content\/uploads\/2019\/09\/00083309-6417-4bdb-858d-21df4a16e2dc-1-600x450.jpg 600w\" data-sizes=\"(max-width: 1024px) 100vw, 1024px\"  aria-label=\"image Murs LED en int\u00e9rieur\"  id='av-masonry-2-item-14114' data-av-masonry-item='14114' class='av-masonry-entry isotope-item post-14114 attachment type-attachment status-inherit  av-masonry-item-with-image' title=\"Murs LED en int\u00e9rieur\" alt=\"Location de murs LED pour le salon de l&#039;industrie automobile\"    itemprop=\"thumbnailUrl\" ><div class='av-inner-masonry-sizer'><\/div><figure class='av-inner-masonry main_color'><div class=\"av-masonry-outerimage-container\"><div class='av-masonry-image-container' style=\"background-image: url(https:\/\/www.european-show-equipment.com\/wp-content\/uploads\/2019\/09\/00083309-6417-4bdb-858d-21df4a16e2dc-1-705x529.jpg);\"  title=\"Murs LED en int\u00e9rieur\"   alt=\"Location de murs LED pour le salon de l&#039;industrie automobile\" ><\/div><\/div><\/figure><\/a><!--end av-masonry entry--><a href=\"https:\/\/www.european-show-equipment.com\/wp-content\/uploads\/2019\/09\/2203ffc3-91ab-4294-b88d-aa4aceb03d2c-1.jpg\" data-srcset=\"https:\/\/www.european-show-equipment.com\/wp-content\/uploads\/2019\/09\/2203ffc3-91ab-4294-b88d-aa4aceb03d2c-1.jpg 768w, https:\/\/www.european-show-equipment.com\/wp-content\/uploads\/2019\/09\/2203ffc3-91ab-4294-b88d-aa4aceb03d2c-1-225x300.jpg 225w, https:\/\/www.european-show-equipment.com\/wp-content\/uploads\/2019\/09\/2203ffc3-91ab-4294-b88d-aa4aceb03d2c-1-529x705.jpg 529w, https:\/\/www.european-show-equipment.com\/wp-content\/uploads\/2019\/09\/2203ffc3-91ab-4294-b88d-aa4aceb03d2c-1-600x800.jpg 600w\" data-sizes=\"(max-width: 768px) 100vw, 768px\"  aria-label=\"image Ecran LED transparent pour le salon de l&rsquo;industrie de l&rsquo;automobile\"  id='av-masonry-2-item-14118' data-av-masonry-item='14118' class='av-masonry-entry isotope-item post-14118 attachment type-attachment status-inherit  av-masonry-item-with-image' title=\"Ecran LED transparent pour le salon de l&rsquo;industrie de l&rsquo;automobile\" alt=\"Location \u00e9cran plat transparant au Automechanika Francfort\"    itemprop=\"thumbnailUrl\" ><div class='av-inner-masonry-sizer'><\/div><figure class='av-inner-masonry main_color'><div class=\"av-masonry-outerimage-container\"><div class='av-masonry-image-container' style=\"background-image: url(https:\/\/www.european-show-equipment.com\/wp-content\/uploads\/2019\/09\/2203ffc3-91ab-4294-b88d-aa4aceb03d2c-1-529x705.jpg);\"  title=\"Ecran LED transparent pour le salon de l&rsquo;industrie de l&rsquo;automobile\"   alt=\"Location \u00e9cran plat transparant au Automechanika Francfort\" ><\/div><\/div><\/figure><\/a><!--end av-masonry entry--><a href=\"https:\/\/www.european-show-equipment.com\/wp-content\/uploads\/2019\/09\/0289f730-e5ac-4939-9c33-28456245db60-1.jpeg\" data-srcset=\"https:\/\/www.european-show-equipment.com\/wp-content\/uploads\/2019\/09\/0289f730-e5ac-4939-9c33-28456245db60-1.jpeg 960w, https:\/\/www.european-show-equipment.com\/wp-content\/uploads\/2019\/09\/0289f730-e5ac-4939-9c33-28456245db60-1-80x80.jpeg 80w, https:\/\/www.european-show-equipment.com\/wp-content\/uploads\/2019\/09\/0289f730-e5ac-4939-9c33-28456245db60-1-300x300.jpeg 300w, https:\/\/www.european-show-equipment.com\/wp-content\/uploads\/2019\/09\/0289f730-e5ac-4939-9c33-28456245db60-1-768x768.jpeg 768w, https:\/\/www.european-show-equipment.com\/wp-content\/uploads\/2019\/09\/0289f730-e5ac-4939-9c33-28456245db60-1-36x36.jpeg 36w, https:\/\/www.european-show-equipment.com\/wp-content\/uploads\/2019\/09\/0289f730-e5ac-4939-9c33-28456245db60-1-180x180.jpeg 180w, https:\/\/www.european-show-equipment.com\/wp-content\/uploads\/2019\/09\/0289f730-e5ac-4939-9c33-28456245db60-1-705x705.jpeg 705w, https:\/\/www.european-show-equipment.com\/wp-content\/uploads\/2019\/09\/0289f730-e5ac-4939-9c33-28456245db60-1-100x100.jpeg 100w, https:\/\/www.european-show-equipment.com\/wp-content\/uploads\/2019\/09\/0289f730-e5ac-4939-9c33-28456245db60-1-600x600.jpeg 600w\" data-sizes=\"(max-width: 960px) 100vw, 960px\"  aria-label=\"image Ecran OLED transparent Automechanika Francfort\"  id='av-masonry-2-item-14130' data-av-masonry-item='14130' class='av-masonry-entry isotope-item post-14130 attachment type-attachment status-inherit  av-masonry-item-with-image' title=\"Ecran OLED transparent Automechanika Francfort\" alt=\"Location \u00e9cran OLED pour l&#039;Automechanika\"    itemprop=\"thumbnailUrl\" ><div class='av-inner-masonry-sizer'><\/div><figure class='av-inner-masonry main_color'><div class=\"av-masonry-outerimage-container\"><div class='av-masonry-image-container' style=\"background-image: url(https:\/\/www.european-show-equipment.com\/wp-content\/uploads\/2019\/09\/0289f730-e5ac-4939-9c33-28456245db60-1-705x705.jpeg);\"  title=\"Ecran OLED transparent Automechanika Francfort\"   alt=\"Location \u00e9cran OLED pour l&#039;Automechanika\" ><\/div><\/div><\/figure><\/a><!--end av-masonry entry--><a href=\"https:\/\/www.european-show-equipment.com\/wp-content\/uploads\/2019\/09\/0f18449b-1056-45c4-86d8-d33a12ba055a-1.jpg\" data-srcset=\"https:\/\/www.european-show-equipment.com\/wp-content\/uploads\/2019\/09\/0f18449b-1056-45c4-86d8-d33a12ba055a-1.jpg 1024w, https:\/\/www.european-show-equipment.com\/wp-content\/uploads\/2019\/09\/0f18449b-1056-45c4-86d8-d33a12ba055a-1-300x225.jpg 300w, https:\/\/www.european-show-equipment.com\/wp-content\/uploads\/2019\/09\/0f18449b-1056-45c4-86d8-d33a12ba055a-1-768x576.jpg 768w, https:\/\/www.european-show-equipment.com\/wp-content\/uploads\/2019\/09\/0f18449b-1056-45c4-86d8-d33a12ba055a-1-705x529.jpg 705w, https:\/\/www.european-show-equipment.com\/wp-content\/uploads\/2019\/09\/0f18449b-1056-45c4-86d8-d33a12ba055a-1-600x450.jpg 600w\" data-sizes=\"(max-width: 1024px) 100vw, 1024px\"  aria-label=\"image Ecrans g\u00e9ant LED pour l&rsquo;Automechanika\"  id='av-masonry-2-item-14158' data-av-masonry-item='14158' class='av-masonry-entry isotope-item post-14158 attachment type-attachment status-inherit  av-masonry-item-with-image' title=\"Ecrans g\u00e9ant LED pour l&rsquo;Automechanika\" alt=\"Location \u00e9cran g\u00e9ant Automechanika Francfort\"    itemprop=\"thumbnailUrl\" ><div class='av-inner-masonry-sizer'><\/div><figure class='av-inner-masonry main_color'><div class=\"av-masonry-outerimage-container\"><div class='av-masonry-image-container' style=\"background-image: url(https:\/\/www.european-show-equipment.com\/wp-content\/uploads\/2019\/09\/0f18449b-1056-45c4-86d8-d33a12ba055a-1-705x529.jpg);\"  title=\"Ecrans g\u00e9ant LED pour l&rsquo;Automechanika\"   alt=\"Location \u00e9cran g\u00e9ant Automechanika Francfort\" ><\/div><\/div><\/figure><\/a><!--end av-masonry entry--><\/div><\/div>\n\n<style type=\"text\/css\" data-created_by=\"avia_inline_auto\" id=\"style-css-av-av_hr-b6c4b21a5338a2e64f386140d2cee6be\">\n#top .hr.hr-invisible.av-av_hr-b6c4b21a5338a2e64f386140d2cee6be{\nheight:20px;\n}\n<\/style>\n<div  class='hr av-av_hr-b6c4b21a5338a2e64f386140d2cee6be hr-invisible  avia-builder-el-16  el_after_av_masonry_gallery  el_before_av_two_third  avia-builder-el-first '><span class='hr-inner '><span class=\"hr-inner-style\"><\/span><\/span><\/div>\n\n<style type=\"text\/css\" data-created_by=\"avia_inline_auto\" id=\"style-css-av-3shpr0-9d2667edc1fbf5f4e5b28ac26e38f9ea\">\n.flex_column.av-3shpr0-9d2667edc1fbf5f4e5b28ac26e38f9ea{\n-webkit-border-radius:0px 0px 0px 0px;\n-moz-border-radius:0px 0px 0px 0px;\nborder-radius:0px 0px 0px 0px;\npadding:0px 0px 0px 0px;\n}\n<\/style>\n<div class='flex_column av-3shpr0-9d2667edc1fbf5f4e5b28ac26e38f9ea av_two_third  avia-builder-el-17  el_after_av_hr  el_before_av_one_third  first flex_column_div av-zero-column-padding '     ><style type=\"text\/css\" data-created_by=\"avia_inline_auto\" id=\"style-css-av-25oqbw-b781c5c6efb887fcdcf80e362c0cdfbc\">\n\n@media only screen and (max-width: 479px){ \n#top .av_textblock_section.av-25oqbw-b781c5c6efb887fcdcf80e362c0cdfbc .avia_textblock{\nfont-size:17px;\n}\n}\n<\/style>\n<section  class='av_textblock_section av-25oqbw-b781c5c6efb887fcdcf80e362c0cdfbc'  =\"\" itemtype=\"https:\/\/schema.org\/CreativeWork\" ><div class='avia_textblock'  itemprop=\"text\" ><h2 class=\"p4\"><span class=\"s1\"><span style=\"vertical-align: inherit;\"><span style=\"vertical-align: inherit;\"><span style=\"vertical-align: inherit;\"><span style=\"vertical-align: inherit;\"><span style=\"vertical-align: inherit;\"><span style=\"vertical-align: inherit;\"><span style=\"vertical-align: inherit;\"><span style=\"vertical-align: inherit;\">Automechanika Francfort : Le salon de r\u00e9f\u00e9rence de l&rsquo;industrie automobile.<\/span><\/span><\/span><\/span><\/span><\/span><\/span><\/span><\/span><\/h2>\n<p class=\"p1\"><span class=\"s1\"><span style=\"vertical-align: inherit;\"><span style=\"vertical-align: inherit;\"><span style=\"vertical-align: inherit;\"><span style=\"vertical-align: inherit;\"><span style=\"vertical-align: inherit;\"><span style=\"vertical-align: inherit;\"><span style=\"vertical-align: inherit;\"><span style=\"vertical-align: inherit;\">Le salon a lieu tous les 2 ans \u00e0 Francfort-sur-le-Main, au parc des expositions, en alternance avec l&rsquo;IAA. <\/span><\/span><\/span><\/span><\/span><\/span><\/span><span style=\"vertical-align: inherit;\"><span style=\"vertical-align: inherit;\"><span style=\"vertical-align: inherit;\"><span style=\"vertical-align: inherit;\"><span style=\"vertical-align: inherit;\"><span style=\"vertical-align: inherit;\"><span style=\"vertical-align: inherit;\">C&rsquo;est un v\u00e9ritable point de rencontre de l&rsquo;industrie automobile. <\/span><\/span><\/span><\/span><\/span><\/span><\/span><span style=\"vertical-align: inherit;\"><span style=\"vertical-align: inherit;\"><span style=\"vertical-align: inherit;\"><span style=\"vertical-align: inherit;\"><span style=\"vertical-align: inherit;\"><span style=\"vertical-align: inherit;\"><span style=\"vertical-align: inherit;\">En effet, ce sont environ 135 000 visiteurs de 184 pays et 5 000 expositions qui sont fr\u00e9quent\u00e9es en 5 jours. <\/span><\/span><\/span><\/span><\/span><\/span><\/span><span style=\"vertical-align: inherit;\"><span style=\"vertical-align: inherit;\"><span style=\"vertical-align: inherit;\"><span style=\"vertical-align: inherit;\"><span style=\"vertical-align: inherit;\"><span style=\"vertical-align: inherit;\"><span style=\"vertical-align: inherit;\">ESE European Show Equipment intervient en tant que fournisseur de mat\u00e9riel audiovisuel sur salon et<\/span><\/span><\/span><\/span><\/span><\/span><\/span><\/span><\/span><span style=\"font-weight: 400;\"><span style=\"vertical-align: inherit;\"><span style=\"vertical-align: inherit;\"> plus g\u00e9n\u00e9ralement \u00e0 Francfort.<\/span><\/span><\/span><\/p>\n<p class=\"p1\"><span class=\"s1\"><span style=\"vertical-align: inherit;\"><span style=\"vertical-align: inherit;\"><span style=\"vertical-align: inherit;\"><span style=\"vertical-align: inherit;\"><span style=\"vertical-align: inherit;\"><span style=\"vertical-align: inherit;\"><span style=\"vertical-align: inherit;\"><span style=\"vertical-align: inherit;\">Le Parc des Expositions de Francfort, Messe Frankfurt, est l&rsquo;un des plus grands au monde (367 000 m\u00b2). <\/span><\/span><\/span><\/span><\/span><\/span><\/span><span style=\"vertical-align: inherit;\"><span style=\"vertical-align: inherit;\"><span style=\"vertical-align: inherit;\"><span style=\"vertical-align: inherit;\"><span style=\"vertical-align: inherit;\"><span style=\"vertical-align: inherit;\"><span style=\"vertical-align: inherit;\">Fort de cet \u00e9quipement, de nombreux \u00e9v\u00e9nements y sont organis\u00e9s et de nombreuses entreprises expos\u00e9es dans ce centre.<\/span><\/span><\/span><\/span><\/span><\/span><\/span><\/span><\/span><\/p>\n<p class=\"p1\"><span class=\"s1\"><span style=\"vertical-align: inherit;\"><span style=\"vertical-align: inherit;\"><span style=\"vertical-align: inherit;\"><span style=\"vertical-align: inherit;\"><span style=\"vertical-align: inherit;\"><span style=\"vertical-align: inherit;\"><span style=\"vertical-align: inherit;\"><span style=\"vertical-align: inherit;\">Outre les clients allemands, de nombreuses soci\u00e9t\u00e9s internationales nous confient \u00e9galement la prestation audiovisuelle de leur stand. <\/span><\/span><\/span><\/span><\/span><\/span><\/span><span style=\"vertical-align: inherit;\"><span style=\"vertical-align: inherit;\"><span style=\"vertical-align: inherit;\"><span style=\"vertical-align: inherit;\"><span style=\"vertical-align: inherit;\"><span style=\"vertical-align: inherit;\"><span style=\"vertical-align: inherit;\">Cela inclut les clients de France, des Pays-Bas, du Portugal ou de Turquie.<\/span><\/span><\/span><\/span><\/span><\/span><\/span><\/span><\/span><\/p>\n<p class=\"p1\"><span class=\"s1\"><span style=\"vertical-align: inherit;\"><span style=\"vertical-align: inherit;\"><span style=\"vertical-align: inherit;\"><span style=\"vertical-align: inherit;\"><span style=\"vertical-align: inherit;\"><span style=\"vertical-align: inherit;\"><span style=\"vertical-align: inherit;\"><span style=\"vertical-align: inherit;\">Nos clients appr\u00e9cient notre support technique et notre dimension internationale. <\/span><\/span><\/span><\/span><\/span><\/span><\/span><span style=\"vertical-align: inherit;\"><span style=\"vertical-align: inherit;\"><span style=\"vertical-align: inherit;\"><span style=\"vertical-align: inherit;\"><span style=\"vertical-align: inherit;\"><span style=\"vertical-align: inherit;\"><span style=\"vertical-align: inherit;\">Un chef de projet anglophone ou francophone est pr\u00e9vu pour chaque r\u00e9alisation. <\/span><span style=\"vertical-align: inherit;\">Ainsi, je <\/span><\/span><\/span><\/span><\/span><\/span><\/span><span style=\"vertical-align: inherit;\"><span style=\"vertical-align: inherit;\"><span style=\"vertical-align: inherit;\"><span style=\"vertical-align: inherit;\"><span style=\"vertical-align: inherit;\"><span style=\"vertical-align: inherit;\"><span style=\"vertical-align: inherit;\">suis le contact d\u00e9di\u00e9 de nos clients en amont et pendant la manifestation, du d\u00e9but \u00e0 la fin.<\/span><\/span><\/span><\/span><\/span><\/span><\/span><\/span><\/span><\/p>\n<h3 class=\"p3\"><span class=\"s2\"><span style=\"vertical-align: inherit;\"><span style=\"vertical-align: inherit;\"><span style=\"vertical-align: inherit;\"><span style=\"vertical-align: inherit;\"><span style=\"vertical-align: inherit;\"><span style=\"vertical-align: inherit;\"><span style=\"vertical-align: inherit;\"><span style=\"vertical-align: inherit;\">Localisation du mat\u00e9riel audiovisuel, son et lumi\u00e8re \u00e0 Francfort<\/span><\/span><\/span><\/span><\/span><\/span><\/span><\/span><\/span><\/h3>\n<p class=\"p5\"><span class=\"s1\"><span style=\"vertical-align: inherit;\"><span style=\"vertical-align: inherit;\"><span style=\"vertical-align: inherit;\"><span style=\"vertical-align: inherit;\"><span style=\"vertical-align: inherit;\"><span style=\"vertical-align: inherit;\">Nos clients ont choisi parmi une large gamme de mat\u00e9riel audiovisuel et de conf\u00e9rence. <\/span><\/span><\/span><\/span><\/span><span style=\"vertical-align: inherit;\"><span style=\"vertical-align: inherit;\"><span style=\"vertical-align: inherit;\"><span style=\"vertical-align: inherit;\"><span style=\"vertical-align: inherit;\">Cela comprend les domaines de la vid\u00e9o, de la lumi\u00e8re et du son.<\/span><\/span><\/span><\/span><\/span><\/span><\/span><\/p>\n<p class=\"p1\"><span style=\"font-weight: 400;\">Par exemple, l&rsquo;un des plus grands projets reposait sur un mur vid\u00e9o <\/span><span style=\"font-weight: 400;\">LED de 10,5 m de longueur, pixel pitch 2,6 mm. Ce dernier a \u00e9t\u00e9 choisi pour assurer la pr\u00e9sentation de produits sur le stand et lors des conf\u00e9rences de presse. Le client accordait une grande importance \u00e0 la luminosit\u00e9 de l&rsquo;image, \u00e0 son contraste \u00e9lev\u00e9, et au bon angle de vision. De ce fait, nous avons pu garantir des images de qualit\u00e9 pour les visiteurs et la presse.<\/span><\/p>\n<h3 class=\"p1\"><span class=\"s1\"><span style=\"vertical-align: inherit;\"><span style=\"vertical-align: inherit;\"><span style=\"vertical-align: inherit;\"><span style=\"vertical-align: inherit;\"><span style=\"vertical-align: inherit;\"><span style=\"vertical-align: inherit;\">Mat\u00e9riel audiovisuel de pointe<\/span><\/span><\/span><\/span><\/span><\/span><\/span><\/h3>\n<p class=\"p6\"><span class=\"s3\"><span style=\"vertical-align: inherit;\"><span style=\"vertical-align: inherit;\"><span style=\"vertical-align: inherit;\"><span style=\"vertical-align: inherit;\"><span style=\"vertical-align: inherit;\"><span style=\"vertical-align: inherit;\">La r\u00e9gie a utilis\u00e9 le syst\u00e8me Dataon Watchout 6. Cela garantit que les pr\u00e9sentations, les images en direct de la cam\u00e9ra et les spots vid\u00e9o sont parfaitement enregistr\u00e9s.<\/span><\/span><\/span><\/span><\/span><\/span><\/span><\/p>\n<p class=\"p1\"><span style=\"font-weight: 400;\">De plus, pour \u00e9clairer les diff\u00e9rentes zones des produits sur le stand, les t\u00eates mobiles JB-Lighting Varyscan P7 LED sont contr\u00f4l\u00e9es \u00e0 l&rsquo;aide d&rsquo;une console micro hybride GrandMA.<\/span><\/p>\n<p class=\"p1\"><span style=\"font-weight: 400;\">En compl\u00e9ment, des \u00e9crans Samsung 32&Prime;, 40&Prime; et 55&Prime; pr\u00e9sentaient des vid\u00e9os.<\/span><\/p>\n<h3 class=\"p1\"><span class=\"s1\"><span style=\"vertical-align: inherit;\"><span style=\"vertical-align: inherit;\"><span style=\"vertical-align: inherit;\"><span style=\"vertical-align: inherit;\"><span style=\"vertical-align: inherit;\"><span style=\"vertical-align: inherit;\">Equipement audiovisuel pour la conf\u00e9rence de presse au salon Automechanika<\/span><\/span><\/span><\/span><\/span><\/span><\/span><\/h3>\n<p class=\"p6\"><span class=\"s3\"><span style=\"vertical-align: inherit;\"><span style=\"vertical-align: inherit;\"><span style=\"vertical-align: inherit;\"><span style=\"vertical-align: inherit;\"><span style=\"vertical-align: inherit;\"><span style=\"vertical-align: inherit;\">ESE European Show Equipment a \u00e9t\u00e9 choisi pour \u00e9quiper la conf\u00e9rence de presse d&rsquo;ouverture du salon Automechanika pour ses prestations audiovisuelles. <\/span><\/span><\/span><\/span><\/span><span style=\"vertical-align: inherit;\"><span style=\"vertical-align: inherit;\"><span style=\"vertical-align: inherit;\"><span style=\"vertical-align: inherit;\"><span style=\"vertical-align: inherit;\">Les technologies <\/span><\/span><\/span><\/span><\/span><\/span><a href=\"https:\/\/www.panasonic.com\/fr\/\"><span style=\"vertical-align: inherit;\"><span style=\"vertical-align: inherit;\"><span style=\"vertical-align: inherit;\"><span style=\"vertical-align: inherit;\"><span style=\"vertical-align: inherit;\"><span style=\"vertical-align: inherit;\">Panasonic<\/span><\/span><\/span><\/span><\/span><\/span><\/a><span style=\"vertical-align: inherit;\"><span style=\"vertical-align: inherit;\"><span style=\"vertical-align: inherit;\"><span style=\"vertical-align: inherit;\"><span style=\"vertical-align: inherit;\"><span style=\"vertical-align: inherit;\"> , <\/span><\/span><\/span><\/span><\/span><\/span><a href=\"https:\/\/www.sony.fr\/\"><span style=\"vertical-align: inherit;\"><span style=\"vertical-align: inherit;\"><span style=\"vertical-align: inherit;\"><span style=\"vertical-align: inherit;\"><span style=\"vertical-align: inherit;\"><span style=\"vertical-align: inherit;\">Sony<\/span><\/span><\/span><\/span><\/span><\/span><\/a><span style=\"vertical-align: inherit;\"><span style=\"vertical-align: inherit;\"><span style=\"vertical-align: inherit;\"><span style=\"vertical-align: inherit;\"><span style=\"vertical-align: inherit;\"><span style=\"vertical-align: inherit;\"> et <\/span><\/span><\/span><\/span><\/span><\/span><a href=\"https:\/\/europe.beyerdynamic.com\/\"><span style=\"vertical-align: inherit;\"><span style=\"vertical-align: inherit;\"><span style=\"vertical-align: inherit;\"><span style=\"vertical-align: inherit;\"><span style=\"vertical-align: inherit;\"><span style=\"vertical-align: inherit;\">Beyerdynamic<\/span><\/span><\/span><\/span><\/span><\/span><\/a><span style=\"vertical-align: inherit;\"><span style=\"vertical-align: inherit;\"><span style=\"vertical-align: inherit;\"><span style=\"vertical-align: inherit;\"><span style=\"vertical-align: inherit;\"><span style=\"vertical-align: inherit;\"> ont \u00e9t\u00e9 utilis\u00e9es. <\/span><\/span><\/span><\/span><\/span><span style=\"vertical-align: inherit;\"><span style=\"vertical-align: inherit;\"><span style=\"vertical-align: inherit;\"><span style=\"vertical-align: inherit;\"><span style=\"vertical-align: inherit;\">Les pr\u00e9sentations ont \u00e9t\u00e9 diffus\u00e9es en direct sur le mur LED par 2 cam\u00e9ras Sony HXC-100. D&rsquo;une part, u<span style=\"font-weight: 400;\">n op\u00e9rateur de cam\u00e9ra a assur\u00e9 le mixage des signaux vid\u00e9o et image LIVE. D&rsquo;autre part, des syst\u00e8mes d&rsquo;intercom ont \u00e9t\u00e9 utilis\u00e9s pour la communication entre la r\u00e9gie, les cameramen et les clients.<\/span><\/span><\/span><\/span><\/span><\/span><\/span><\/span><\/p>\n<h3 class=\"p1\"><span class=\"s1\"><span style=\"vertical-align: inherit;\"><span style=\"vertical-align: inherit;\"><span style=\"vertical-align: inherit;\"><span style=\"vertical-align: inherit;\"><span style=\"vertical-align: inherit;\"><span style=\"vertical-align: inherit;\">Location de mur LED \u00e0 Francfort<\/span><\/span><\/span><\/span><\/span><\/span><\/span><\/h3>\n<p class=\"p1\"><span style=\"font-weight: 400;\">Dans le Hall 4 du Parc des Expositions de Francfort, un \u00e9norme mur LED de 7x4m de pixel pitch 2,6 mm attendait les visiteurs. De tels murs vid\u00e9o LED attirent l\u2019attention des visiteurs en raison de leur luminosit\u00e9 et de leur grande taille. Afin d&rsquo;obtenir une image parfaite, un lecteur 4K a \u00e9t\u00e9 fourni donnant d\u2019impressionnantes images en grand format.<\/span><\/p>\n<h3 class=\"p1\"><span class=\"s1\"><span style=\"vertical-align: inherit;\"><span style=\"vertical-align: inherit;\"><span style=\"vertical-align: inherit;\"><span style=\"vertical-align: inherit;\"><span style=\"vertical-align: inherit;\"><span style=\"vertical-align: inherit;\">Location de mat\u00e9riel de traduction et les audioguides<\/span><\/span><\/span><\/span><\/span><\/span><\/span><\/h3>\n<p class=\"p1\"><span style=\"font-weight: 400;\">Un syst\u00e8me d&rsquo;audio-guide a \u00e9t\u00e9 fourni pour permettre aux visiteurs anglophones de suivre la vid\u00e9o. Ce type de mat\u00e9riel est souvent indispensable pour les salons internationaux. <\/span><span style=\"font-weight: 400;\">La location de mat\u00e9riel d\u2019interpr\u00e9tation simultan\u00e9e permet de cibler un public encore plus large pour pr\u00e9senter vos produits.<\/span><\/p>\n<h3 class=\"p1\"><span class=\"s1\"><span style=\"vertical-align: inherit;\"><span style=\"vertical-align: inherit;\"><span style=\"vertical-align: inherit;\"><span style=\"vertical-align: inherit;\"><span style=\"vertical-align: inherit;\"><span style=\"vertical-align: inherit;\">Ecrans OLED transparents<\/span><\/span><\/span><\/span><\/span><\/span><\/span><\/h3>\n<p class=\"p1\"><span class=\"s1\"><span style=\"vertical-align: inherit;\"><span style=\"vertical-align: inherit;\"><span style=\"vertical-align: inherit;\"><span style=\"vertical-align: inherit;\"><span style=\"vertical-align: inherit;\"><span style=\"vertical-align: inherit;\"><span style=\"vertical-align: inherit;\"><span style=\"vertical-align: inherit;\">Un exposant a fait appel \u00e0 ESE European Show Equipment en tant que fournisseur de mat\u00e9riel audiovisuel Francfort pour combiner la technique de pr\u00e9sentation de son produit avec la technologie OLED (\u00e9cran transparent). <\/span><\/span><\/span><\/span><\/span><\/span><\/span><\/span><\/span><span style=\"font-weight: 400;\"><span style=\"vertical-align: inherit;\"><span style=\"vertical-align: inherit;\">Les morceaux d&rsquo;automobiles sont disponibles sur les pr\u00e9sentations des vid\u00e9os de pr\u00e9sentation des produits qui sont diffus\u00e9es sur les \u00e9crans OLED transparents. <\/span><span style=\"vertical-align: inherit;\">Si ces types de technologies vous int\u00e9ressent, n&rsquo;h\u00e9sitez pas \u00e0 nous <\/span><\/span><a href=\"https:\/\/www.european-show-equipment.com\/fr\/contact\/\"><span style=\"vertical-align: inherit;\"><span style=\"vertical-align: inherit;\">contacter<\/span><\/span><\/a><span style=\"vertical-align: inherit;\"><span style=\"vertical-align: inherit;\">!<\/span><\/span><\/span><\/p>\n<\/div><\/section><\/div>\n<style type=\"text\/css\" data-created_by=\"avia_inline_auto\" id=\"style-css-av-6s5j2d-db0913532b4686157e8d429b1328d357\">\n.flex_column.av-6s5j2d-db0913532b4686157e8d429b1328d357{\n-webkit-border-radius:0px 0px 0px 0px;\n-moz-border-radius:0px 0px 0px 0px;\nborder-radius:0px 0px 0px 0px;\npadding:0px 0px 0px 0px;\n}\n<\/style>\n<div class='flex_column av-6s5j2d-db0913532b4686157e8d429b1328d357 av_one_third  avia-builder-el-19  el_after_av_two_third  avia-builder-el-last  flex_column_div av-zero-column-padding '     ><p>\n<style type=\"text\/css\" data-created_by=\"avia_inline_auto\" id=\"style-css-av-190z328-580a72728b9a34722353e3033154a47b\">\n#top .av-special-heading.av-190z328-580a72728b9a34722353e3033154a47b{\npadding-bottom:10px;\n}\nbody .av-special-heading.av-190z328-580a72728b9a34722353e3033154a47b .av-special-heading-tag .heading-char{\nfont-size:25px;\n}\n.av-special-heading.av-190z328-580a72728b9a34722353e3033154a47b .av-subheading{\nfont-size:15px;\n}\n<\/style>\n<div  class='av-special-heading av-190z328-580a72728b9a34722353e3033154a47b av-special-heading-h3 blockquote modern-quote  avia-builder-el-20  el_before_av_textblock  avia-builder-el-first  av-linked-heading'><h3 class='av-special-heading-tag'  itemprop=\"headline\"  >Equipement utilis\u00e9s<\/h3><div class=\"special-heading-border\"><div class=\"special-heading-inner-border\"><\/div><\/div><\/div><br \/>\n\n<style type=\"text\/css\" data-created_by=\"avia_inline_auto\" id=\"style-css-av-3lz0o5-6676fe5b7ce31e3b6cca5000b34f6a6b\">\n\n@media only screen and (max-width: 479px){ \n#top .av_textblock_section.av-3lz0o5-6676fe5b7ce31e3b6cca5000b34f6a6b .avia_textblock{\nfont-size:17px;\n}\n}\n<\/style>\n<section  class='av_textblock_section av-3lz0o5-6676fe5b7ce31e3b6cca5000b34f6a6b'  =\"\" itemtype=\"https:\/\/schema.org\/CreativeWork\" ><div class='avia_textblock'  itemprop=\"text\" ><ul>\n<li class=\"p1\"><span style=\"vertical-align: inherit;\"><span style=\"vertical-align: inherit;\">Pupitre de commande pour cam\u00e9ra Remote Head AW-RP50<\/span><\/span><\/li>\n<li class=\"p1\"><span style=\"vertical-align: inherit;\"><span style=\"vertical-align: inherit;\">Cam\u00e9ra avec t\u00eate robotis\u00e9e int\u00e9gr\u00e9e Panasonic AW-HE40SKEJ<\/span><\/span><\/li>\n<li class=\"p1\"><span style=\"vertical-align: inherit;\"><span style=\"vertical-align: inherit;\">Interphone Clearcom MS 440 2 fichiers<\/span><\/span><\/li>\n<li class=\"p1\"><span style=\"vertical-align: inherit;\"><span style=\"vertical-align: inherit;\">Syst\u00e8me Redner Perfect Cue<\/span><\/span><\/li>\n<li class=\"p1\"><span style=\"vertical-align: inherit;\"><span style=\"vertical-align: inherit;\">M\u00e9langeur de donn\u00e9es vid\u00e9o AW &#8211; Pulse 350 3G HDBaseT<\/span><\/span><\/li>\n<li class=\"p1\"><span style=\"vertical-align: inherit;\"><span style=\"vertical-align: inherit;\">Appareil photo Sony HXC-100<\/span><\/span><\/li>\n<li class=\"p1\"><span style=\"vertical-align: inherit;\"><span style=\"vertical-align: inherit;\">Barre crois\u00e9e \/ matrice DVI 8&#215;8 Folsom Encore<\/span><\/span><\/li>\n<li class=\"p2\"><a href=\"https:\/\/www.european-show-equipment.com\/fr\/portfolio-item\/location-ecran-geant\/\"><span style=\"vertical-align: inherit;\"><span style=\"vertical-align: inherit;\">La LED<\/span><\/span><\/a><span style=\"vertical-align: inherit;\"><span style=\"vertical-align: inherit;\"> de 2,6 mm a une longueur totale de 10,5 m<\/span><\/span><\/li>\n<li class=\"p2\"><span style=\"vertical-align: inherit;\"><span style=\"vertical-align: inherit;\">Mur LED 2.6mm de 7x4m<\/span><\/span><\/li>\n<li class=\"p2\"><span style=\"vertical-align: inherit;\"><span style=\"vertical-align: inherit;\">Mur LED 3.9mm de 2.5x2m<\/span><\/span><\/li>\n<li class=\"p2\"><a href=\"https:\/\/www.european-show-equipment.com\/fr\/portfolio-item\/location-ecran-plat\/\"><span style=\"vertical-align: inherit;\"><span style=\"vertical-align: inherit;\">Ecran LCD 80&Prime; Panasonic<\/span><\/span><\/a><\/li>\n<li class=\"p2\"><span style=\"vertical-align: inherit;\"><span style=\"vertical-align: inherit;\">Syst\u00e8me de serveur multim\u00e9dia Dataton Watchout 6<\/span><\/span><\/li>\n<li class=\"p2\"><span style=\"vertical-align: inherit;\"><span style=\"vertical-align: inherit;\">Ecrans Samsung DM32E<\/span><\/span><\/li>\n<li class=\"p2\"><span style=\"vertical-align: inherit;\"><span style=\"vertical-align: inherit;\">Ecrans Samsung DM40E<\/span><\/span><\/li>\n<li class=\"p2\"><span style=\"vertical-align: inherit;\"><span style=\"vertical-align: inherit;\">Ecrans Samsung DM55E<\/span><\/span><\/li>\n<li class=\"p2\"><a href=\"https:\/\/www.european-show-equipment.com\/fr\/portfolio-item\/location-materiel-sono\/\"><span style=\"vertical-align: inherit;\"><span style=\"vertical-align: inherit;\">Syst\u00e8me audio<\/span><\/span><\/a><span style=\"vertical-align: inherit;\"><span style=\"vertical-align: inherit;\"> compact Bose L1<\/span><\/span><\/li>\n<li class=\"p2\"><span style=\"vertical-align: inherit;\"><span style=\"vertical-align: inherit;\">Haut-parleurs de peau JBL AC25<\/span><\/span><\/li>\n<li class=\"p2\"><a href=\"https:\/\/www.european-show-equipment.com\/fr\/portfolio-item\/location-ecran-plat\/\"><span style=\"vertical-align: inherit;\"><span style=\"vertical-align: inherit;\">\u00c9cran OLED transparent 55&Prime;<\/span><\/span><\/a><\/li>\n<li class=\"p2\"><span style=\"vertical-align: inherit;\"><span style=\"vertical-align: inherit;\">Lyres JB-Lighting Varyscan P7 LED<\/span><\/span><\/li>\n<\/ul>\n<\/div><\/section><\/p><\/div><\/div><\/div><\/div><!-- close content main div --><\/div><\/div>\n<style type=\"text\/css\" data-created_by=\"avia_inline_auto\" id=\"style-css-av-av_section-a359a6222d738c5b1ae0b507e00432f5\">\n.avia-section.av-av_section-a359a6222d738c5b1ae0b507e00432f5{\nbackground-repeat:no-repeat;\nbackground-image:url(https:\/\/www.european-show-equipment.com\/wp-content\/uploads\/2023\/11\/SL-011719-17920-56-1.jpg);\nbackground-position:50% 0%;\nbackground-attachment:fixed;\n}\n.avia-section.av-av_section-a359a6222d738c5b1ae0b507e00432f5 .av-section-color-overlay{\nopacity:0.2;\nbackground-color:#000000;\n}\n<\/style>\n<div id='contact'  class='avia-section av-av_section-a359a6222d738c5b1ae0b507e00432f5 main_color avia-section-default avia-no-border-styling  avia-builder-el-22  el_after_av_section  avia-builder-el-last  avia-full-stretch avia-bg-style-fixed av-section-color-overlay-active container_wrap fullsize'  data-section-bg-repeat='stretch'><div class=\"av-section-color-overlay-wrap\"><div class=\"av-section-color-overlay\"><\/div><div class='container av-section-cont-open' ><div class='template-page content  av-content-full alpha units'><div class='post-entry post-entry-type-page post-entry-14848'><div class='entry-content-wrapper clearfix'>\n\n<style type=\"text\/css\" data-created_by=\"avia_inline_auto\" id=\"style-css-av-av_textblock-0d6370e05b3ccf7f19b7aca7791fa3b3\">\n#top .av_textblock_section.av-av_textblock-0d6370e05b3ccf7f19b7aca7791fa3b3 .avia_textblock{\ncolor:#ffffff;\n}\n<\/style>\n<section  class='av_textblock_section av-av_textblock-0d6370e05b3ccf7f19b7aca7791fa3b3'  =\"\" itemtype=\"https:\/\/schema.org\/CreativeWork\" ><div class='avia_textblock av_inherit_color'  itemprop=\"text\" ><p style=\"text-align: center;\"><span style=\"color: #ffffff;\"><a id=\"kontakt\"><\/a><br \/>\n<span style=\"font-size: 30pt;\"> <strong><br \/>\nContactez-nous d\u00e8s maintenant<\/strong><\/span> <\/span><\/p>\n<p style=\"text-align: center;\"><strong><span style=\"color: #ffffff; font-size: 18pt;\">par <strong>t\u00e9l\u00e9phone<\/strong>,\u00a0<strong>email<\/strong>, or via le\u00a0<strong>formulaire<\/strong>\u00a0ci-dessous<\/span><\/strong><\/p>\n<\/div><\/section>\n<div class='flex_column_table av-av_two_fifth-e516f6d31c20b40ab2cc2cabf22c1e77 sc-av_two_fifth av-equal-height-column-flextable'>\n<style type=\"text\/css\" data-created_by=\"avia_inline_auto\" id=\"style-css-av-av_two_fifth-e516f6d31c20b40ab2cc2cabf22c1e77\">\n.flex_column.av-av_two_fifth-e516f6d31c20b40ab2cc2cabf22c1e77{\nwidth:37.9%;\nmargin-left:0;\n-webkit-border-radius:20px 20px 20px 20px;\n-moz-border-radius:20px 20px 20px 20px;\nborder-radius:20px 20px 20px 20px;\npadding:1% 5% 1% 5%;\nbackground-color:#ffffff;\n}\n#top .flex_column_table.av-equal-height-column-flextable.av-av_two_fifth-e516f6d31c20b40ab2cc2cabf22c1e77 .av-flex-placeholder{\nwidth:3.5%;\n}\n<\/style>\n<div class='flex_column av-av_two_fifth-e516f6d31c20b40ab2cc2cabf22c1e77 av_two_fifth  avia-builder-el-24  el_after_av_textblock  el_before_av_three_fifth  first flex_column_table_cell av-equal-height-column av-align-middle column-top-margin'     ><p>\n<style type=\"text\/css\" data-created_by=\"avia_inline_auto\" id=\"style-css-av-av_hr-bcaa51aeb85e447e276b9277e0fe8762\">\n#top .hr.hr-invisible.av-av_hr-bcaa51aeb85e447e276b9277e0fe8762{\nheight:10px;\n}\n<\/style>\n<div  class='hr av-av_hr-bcaa51aeb85e447e276b9277e0fe8762 hr-invisible  avia-builder-el-25  el_before_av_textblock  avia-builder-el-first '><span class='hr-inner '><span class=\"hr-inner-style\"><\/span><\/span><\/div><br \/>\n<section  class='av_textblock_section av-av_textblock-d3d5a2a601c86f4849e44ac595c023fb'  =\"\" itemtype=\"https:\/\/schema.org\/CreativeWork\" ><div class='avia_textblock'  itemprop=\"text\" ><p style=\"text-align: center;\"><strong><span style=\"font-size: 14pt; color: #0b3a66;\">Votre Contact\u00a0<\/span><\/strong><\/p>\n<p style=\"text-align: center;\"><strong><span style=\"font-size: 14pt; color: #0b3a66;\">Alexandre Javogue<\/span><\/strong><\/p>\n<\/div><\/section><br \/>\n\n<style type=\"text\/css\" data-created_by=\"avia_inline_auto\" id=\"style-css-av-av_hr-bcaa51aeb85e447e276b9277e0fe8762\">\n#top .hr.hr-invisible.av-av_hr-bcaa51aeb85e447e276b9277e0fe8762{\nheight:10px;\n}\n<\/style>\n<div  class='hr av-av_hr-bcaa51aeb85e447e276b9277e0fe8762 hr-invisible  avia-builder-el-27  el_after_av_textblock  el_before_av_image '><span class='hr-inner '><span class=\"hr-inner-style\"><\/span><\/span><\/div><br \/>\n\n<style type=\"text\/css\" data-created_by=\"avia_inline_auto\" id=\"style-css-av-av_image-a644443e97bb79795226b08b97c01c95\">\n.avia-image-container.av-av_image-a644443e97bb79795226b08b97c01c95 img.avia_image{\nbox-shadow:none;\n}\n.avia-image-container.av-av_image-a644443e97bb79795226b08b97c01c95 .av-image-caption-overlay-center{\ncolor:#ffffff;\n}\n<\/style>\n<div  class='avia-image-container av-av_image-a644443e97bb79795226b08b97c01c95 av-styling- avia-align-center  avia-builder-el-28  el_after_av_hr  el_before_av_hr  roundedimage'   itemprop=\"image\" =\"\" itemtype=\"https:\/\/schema.org\/ImageObject\" ><div class=\"avia-image-container-inner\"><div class=\"avia-image-overlay-wrap\"><img decoding=\"async\" class='wp-image-38416 avia-img-lazy-loading-not-38416 avia_image ' src=\"https:\/\/www.european-show-equipment.com\/wp-content\/uploads\/2025\/05\/Alex-1-300x300.webp\" alt='Contact pour location mat\u00e9riel' title='Personne \u00e0 contacter'  height=\"300\" width=\"300\"  itemprop=\"thumbnailUrl\" srcset=\"https:\/\/www.european-show-equipment.com\/wp-content\/uploads\/2025\/05\/Alex-1-300x300.webp 300w, https:\/\/www.european-show-equipment.com\/wp-content\/uploads\/2025\/05\/Alex-1-1030x1030.webp 1030w, https:\/\/www.european-show-equipment.com\/wp-content\/uploads\/2025\/05\/Alex-1-80x80.webp 80w, https:\/\/www.european-show-equipment.com\/wp-content\/uploads\/2025\/05\/Alex-1-768x768.webp 768w, https:\/\/www.european-show-equipment.com\/wp-content\/uploads\/2025\/05\/Alex-1-36x36.webp 36w, https:\/\/www.european-show-equipment.com\/wp-content\/uploads\/2025\/05\/Alex-1-180x180.webp 180w, https:\/\/www.european-show-equipment.com\/wp-content\/uploads\/2025\/05\/Alex-1-705x705.webp 705w, https:\/\/www.european-show-equipment.com\/wp-content\/uploads\/2025\/05\/Alex-1.webp 1500w\" sizes=\"(max-width: 300px) 100vw, 300px\" \/><\/div><\/div><\/div><br \/>\n\n<style type=\"text\/css\" data-created_by=\"avia_inline_auto\" id=\"style-css-av-av_hr-bcaa51aeb85e447e276b9277e0fe8762\">\n#top .hr.hr-invisible.av-av_hr-bcaa51aeb85e447e276b9277e0fe8762{\nheight:10px;\n}\n<\/style>\n<div  class='hr av-av_hr-bcaa51aeb85e447e276b9277e0fe8762 hr-invisible  avia-builder-el-29  el_after_av_image  el_before_av_textblock '><span class='hr-inner '><span class=\"hr-inner-style\"><\/span><\/span><\/div><br \/>\n<section  class='av_textblock_section av-av_textblock-d3d5a2a601c86f4849e44ac595c023fb'  =\"\" itemtype=\"https:\/\/schema.org\/CreativeWork\" ><div class='avia_textblock'  itemprop=\"text\" ><p style=\"text-align: center;\"><span style=\"font-size: 14pt;\">Appelez-nous\u00a0au\u00a0<a href=\"tel:+33983032542\">+33 9 83 03 25 42<\/a><\/span><\/p>\n<p style=\"text-align: center;\"><span style=\"font-size: 14pt;\">ou par email \u00e0 <a class=\"PrimaryLink BaseLink\" href=\"mailto:location@ese-av.com\" target=\"_blank\" rel=\"noreferrer noopener\">location@ese-av.com<\/a><\/span><\/p>\n<\/div><\/section><br \/>\n\n<style type=\"text\/css\" data-created_by=\"avia_inline_auto\" id=\"style-css-av-av_hr-bcaa51aeb85e447e276b9277e0fe8762\">\n#top .hr.hr-invisible.av-av_hr-bcaa51aeb85e447e276b9277e0fe8762{\nheight:10px;\n}\n<\/style>\n<div  class='hr av-av_hr-bcaa51aeb85e447e276b9277e0fe8762 hr-invisible  avia-builder-el-31  el_after_av_textblock  avia-builder-el-last '><span class='hr-inner '><span class=\"hr-inner-style\"><\/span><\/span><\/div><\/p><\/div><div class='av-flex-placeholder'><\/div>\n<style type=\"text\/css\" data-created_by=\"avia_inline_auto\" id=\"style-css-av-av_three_fifth-04bc9b2638d68ec471f874ae3bcf6611\">\n.flex_column.av-av_three_fifth-04bc9b2638d68ec471f874ae3bcf6611{\nwidth:58.6%;\nmargin-left:0;\n-webkit-border-radius:20px 20px 20px 20px;\n-moz-border-radius:20px 20px 20px 20px;\nborder-radius:20px 20px 20px 20px;\npadding:1% 5% 1% 5%;\nbackground-color:#ffffff;\n}\n#top .flex_column_table.av-equal-height-column-flextable.av-av_three_fifth-04bc9b2638d68ec471f874ae3bcf6611 .av-flex-placeholder{\nwidth:3.5%;\n}\n<\/style>\n<div class='flex_column av-av_three_fifth-04bc9b2638d68ec471f874ae3bcf6611 av_three_fifth  avia-builder-el-32  el_after_av_two_fifth  avia-builder-el-last  flex_column_table_cell av-equal-height-column av-align-middle column-top-margin'     ><style type=\"text\/css\" data-created_by=\"avia_inline_auto\" id=\"style-css-av-av_textblock-2af349dab3c41ec8dbaffa46a4d1e1e3\">\n#top .av_textblock_section.av-av_textblock-2af349dab3c41ec8dbaffa46a4d1e1e3 .avia_textblock{\ncolor:#ffffff;\ntext-align:center;\n}\n<\/style>\n<section  class='av_textblock_section av-av_textblock-2af349dab3c41ec8dbaffa46a4d1e1e3'  =\"\" itemtype=\"https:\/\/schema.org\/CreativeWork\" ><div class='avia_textblock formular av_inherit_color'  itemprop=\"text\" ><p style=\"text-align: center;\"><div class=\"forminator-ui forminator-custom-form forminator-custom-form-36731 forminator-design--material forminator-enclosed forminator_ajax\" data-forminator-render=\"0\" data-form=\"forminator-module-36731\" data-uid=\"69f52592177f7\"><br\/><\/div><form\n\t\t\t\tid=\"forminator-module-36731\"\n\t\t\t\tclass=\"forminator-ui forminator-custom-form forminator-custom-form-36731 forminator-design--material forminator-enclosed forminator_ajax\"\n\t\t\t\tmethod=\"post\"\n\t\t\t\tdata-forminator-render=\"0\"\n\t\t\t\tdata-form-id=\"36731\"\n\t\t\t\t data-color-option=\"default\" data-design=\"material\" data-grid=\"enclosed\" style=\"display: none;\"\n\t\t\t\tdata-uid=\"69f52592177f7\"\n\t\t\t><div role=\"alert\" aria-live=\"polite\" class=\"forminator-response-message forminator-error\" aria-hidden=\"true\"><\/div><div class=\"forminator-row\"><div id=\"section-8\" class=\"forminator-field-section forminator-col forminator-col-12 \"><div class=\"forminator-field\"><\/div><\/div><\/div><div class=\"forminator-row\"><div id=\"html-1\" class=\"forminator-field-html forminator-col forminator-col-12 \"><div class=\"forminator-field forminator-merge-tags\" data-field=\"html-1\"><p style=\"font-size: 14pt;text-align: center;color: #0b3a66;font-weight: bold\">Parlez-nous de votre projet<\/p><\/div><\/div><\/div><div class=\"forminator-row\"><div id=\"text-11\" class=\"forminator-field-text forminator-col forminator-col-4 \"><div class=\"forminator-field\"><label for=\"forminator-field-text-11_69f52592177f7\" id=\"forminator-field-text-11_69f52592177f7-label\" class=\"forminator-label\">Pr\u00e9nom et Nom <span class=\"forminator-required\">*<\/span><\/label><input type=\"text\" name=\"text-11\" value=\"\" placeholder=\"\" id=\"forminator-field-text-11_69f52592177f7\" class=\"forminator-input forminator-name--field\" data-required=\"1\" \/><\/div><\/div><div id=\"email-1\" class=\"forminator-field-email forminator-col forminator-col-4 \"><div class=\"forminator-field\"><label for=\"forminator-field-email-1_69f52592177f7\" id=\"forminator-field-email-1_69f52592177f7-label\" class=\"forminator-label\">Email <span class=\"forminator-required\">*<\/span><\/label><input type=\"email\" name=\"email-1\" value=\"\" placeholder=\"\" id=\"forminator-field-email-1_69f52592177f7\" class=\"forminator-input forminator-email--field\" data-required=\"true\" aria-required=\"true\" autocomplete=\"email\" \/><\/div><\/div><div id=\"phone-1\" class=\"forminator-field-phone forminator-col forminator-col-4 \"><div class=\"forminator-field\"><label for=\"forminator-field-phone-1_69f52592177f7\" id=\"forminator-field-phone-1_69f52592177f7-label\" class=\"forminator-label\">Num\u00e9ro de t\u00e9l\u00e9phone <span class=\"forminator-required\">*<\/span><\/label><input type=\"text\" name=\"phone-1\" value=\"\" placeholder=\"\" id=\"forminator-field-phone-1_69f52592177f7\" class=\"forminator-input forminator-field--phone\" data-required=\"1\" aria-required=\"true\" autocomplete=\"off\" \/><\/div><\/div><\/div><div class=\"forminator-row\"><div id=\"text-12\" class=\"forminator-field-text forminator-col forminator-col-4 \"><div class=\"forminator-field\"><label for=\"forminator-field-text-12_69f52592177f7\" id=\"forminator-field-text-12_69f52592177f7-label\" class=\"forminator-label\">Nom de la soci\u00e9t\u00e9 <span class=\"forminator-required\">*<\/span><\/label><input type=\"text\" name=\"text-12\" value=\"\" placeholder=\"\" id=\"forminator-field-text-12_69f52592177f7\" class=\"forminator-input forminator-name--field\" data-required=\"1\" \/><\/div><\/div><div id=\"text-13\" class=\"forminator-field-text forminator-col forminator-col-4 \"><div class=\"forminator-field\"><label for=\"forminator-field-text-13_69f52592177f7\" id=\"forminator-field-text-13_69f52592177f7-label\" class=\"forminator-label\">Lieu de l&#039;\u00e9v\u00e9nement <span class=\"forminator-required\">*<\/span><\/label><input type=\"text\" name=\"text-13\" value=\"\" placeholder=\"\" id=\"forminator-field-text-13_69f52592177f7\" class=\"forminator-input forminator-name--field\" data-required=\"1\" \/><\/div><\/div><div id=\"date-1\" class=\"forminator-field-date forminator-col forminator-col-4 \"><div class=\"forminator-field\"><label for=\"forminator-field-date-1-picker_69f52592177f7\" id=\"forminator-field-date-1-picker_69f52592177f7-label\" class=\"forminator-label\">Date de l&#039;\u00e9v\u00e9nement<\/label><input autocomplete=\"off\" type=\"text\" size=\"1\" name=\"date-1\" value=\"\" placeholder=\"\" id=\"forminator-field-date-1-picker_69f52592177f7\" class=\"forminator-input forminator-datepicker\" data-required=\"\" data-format=\"mm\/dd\/yy\" data-restrict-type=\"\" data-restrict=\"\" data-start-year=\"2026\" data-end-year=\"2035\" data-past-dates=\"enable\" data-start-of-week=\"1\" data-start-date=\"2026-05-01\" data-end-date=\"12\/31\/2035\" data-start-field=\"\" data-end-field=\"\" data-start-offset=\"\" data-end-offset=\"\" data-disable-date=\"\" data-disable-range=\"\" \/><\/div><\/div><\/div><div class=\"forminator-row\"><div id=\"text-14\" class=\"forminator-field-text forminator-col forminator-col-12 \"><div class=\"forminator-field\"><label for=\"forminator-field-text-14_69f52592177f7\" id=\"forminator-field-text-14_69f52592177f7-label\" class=\"forminator-label\">Message <span class=\"forminator-required\">*<\/span><\/label><input type=\"text\" name=\"text-14\" value=\"\" placeholder=\"\" id=\"forminator-field-text-14_69f52592177f7\" class=\"forminator-input forminator-name--field\" data-required=\"1\" \/><\/div><\/div><\/div><div class=\"forminator-row\"><div id=\"consent-1\" class=\"forminator-field-consent forminator-col forminator-col-12 \"><div class=\"forminator-field\"><div class=\"forminator-checkbox__wrapper\"><label id=\"forminator-field-consent-1_69f52592177f7__label\" class=\"forminator-checkbox forminator-consent\" aria-labelledby=\"forminator-field-consent-1_69f52592177f7-label\"><input type=\"checkbox\" name=\"consent-1\" id=\"forminator-field-consent-1_69f52592177f7\" value=\"checked\" aria-labelledby=\"forminator-field-consent-1_69f52592177f7-label\" aria-describedby=\"forminator-field-consent-1_69f52592177f7__description\" data-required=\"true\" aria-required=\"true\" \/><span class=\"forminator-checkbox-box\" aria-hidden=\"true\"><\/span><\/label><div id=\"forminator-field-consent-1_69f52592177f7__description\" class=\"forminator-checkbox__label forminator-consent__label\"><p>Je suis d'accord avec la <a href=\"https:\/\/www.european-show-equipment.com\/en\/privacy-policy\/\">politique de confidentialit\u00e9<\/a>.<\/p><\/div><\/div><\/div><\/div><\/div><input type=\"hidden\" name=\"referer_url\" value=\"\" \/><div class=\"forminator-row forminator-row-last\"><div class=\"forminator-col\"><div class=\"forminator-field\"><button class=\"forminator-button forminator-button-submit\"><span>Envoyer<\/span><span aria-hidden=\"true\"><\/span><\/button><\/div><\/div><\/div><input type=\"hidden\" id=\"forminator_nonce\" name=\"forminator_nonce\" value=\"e758084f8a\" \/><input type=\"hidden\" name=\"_wp_http_referer\" value=\"\/fr\/wp-json\/wp\/v2\/portfolio\/14848\" \/><input type=\"hidden\" name=\"form_id\" value=\"36731\"><input type=\"hidden\" name=\"page_id\" value=\"14848\"><input type=\"hidden\" name=\"form_type\" value=\"default\"><input type=\"hidden\" name=\"current_url\" value=\"https:\/\/www.european-show-equipment.com\/fr\/portfolio-item\/fournisseur-materiel-audiovisuel-francfort\/\"><input type=\"hidden\" name=\"render_id\" value=\"0\"><input type=\"hidden\" name=\"action\" value=\"forminator_submit_form_custom-forms\"><label for=\"input_9\" class=\"forminator-hidden\" aria-hidden=\"true\">Veuillez ne pas remplir ce champ. <input id=\"input_9\" type=\"text\" name=\"input_9\" value=\"\" autocomplete=\"off\"><\/label><\/form><\/p>\n<\/div><\/section><\/div><\/div><!--close column table wrapper. Autoclose: 1 -->\n\n","protected":false},"excerpt":{"rendered":"<p>Automechanika | Frankfurt (D)<\/p>\n","protected":false},"featured_media":18079,"comment_status":"closed","ping_status":"closed","template":"","tags":[],"portfolio_entries":[23],"class_list":{"0":"post-14848","1":"portfolio","2":"type-portfolio","3":"status-publish","4":"has-post-thumbnail","6":"portfolio_entries-projekte-fr"},"yoast_head":"<!-- This site is optimized with the Yoast SEO Premium plugin v21.8 (Yoast SEO v27.5) - https:\/\/yoast.com\/product\/yoast-seo-premium-wordpress\/ -->\n<title>Fournisseur de mat\u00e9riel audiovisuel Francfort - ESE<\/title>\n<meta name=\"description\" content=\"Vous souhaitez louer du mat\u00e9riel audiovisuel pour vos \u00e9v\u00e9nements \u00e0 Francfort et partout en Europe ? ESE est le prestataire qu&#039;il vous faut !\" \/>\n<meta name=\"robots\" content=\"index, follow, max-snippet:-1, max-image-preview:large, max-video-preview:-1\" \/>\n<link rel=\"canonical\" href=\"https:\/\/www.european-show-equipment.com\/fr\/portfolio-item\/fournisseur-materiel-audiovisuel-francfort\/\" \/>\n<meta property=\"og:locale\" content=\"fr_FR\" \/>\n<meta property=\"og:type\" content=\"article\" \/>\n<meta property=\"og:title\" content=\"Mat\u00e9riel audiovisuel, Francfort\" \/>\n<meta property=\"og:description\" content=\"Vous souhaitez louer du mat\u00e9riel audiovisuel pour vos \u00e9v\u00e9nements \u00e0 Francfort et partout en Europe ? ESE est le prestataire qu&#039;il vous faut !\" \/>\n<meta property=\"og:url\" content=\"https:\/\/www.european-show-equipment.com\/fr\/portfolio-item\/fournisseur-materiel-audiovisuel-francfort\/\" \/>\n<meta property=\"og:site_name\" content=\"ESE European Show Equipment\" \/>\n<meta property=\"article:publisher\" content=\"https:\/\/www.facebook.com\/ese.european.show.equipment\" \/>\n<meta property=\"article:modified_time\" content=\"2025-08-25T18:34:18+00:00\" \/>\n<meta property=\"og:image\" content=\"https:\/\/www.european-show-equipment.com\/wp-content\/uploads\/2020\/03\/Ecran-OLED-pour-le-salon-Automechanika-Frankfurt.jpg.webp\" \/>\n\t<meta property=\"og:image:width\" content=\"960\" \/>\n\t<meta property=\"og:image:height\" content=\"404\" \/>\n\t<meta property=\"og:image:type\" content=\"image\/webp\" \/>\n<meta name=\"twitter:card\" content=\"summary_large_image\" \/>\n<meta name=\"twitter:site\" content=\"@europeanshow\" \/>\n<meta name=\"twitter:label1\" content=\"Dur\u00e9e de lecture estim\u00e9e\" \/>\n\t<meta name=\"twitter:data1\" content=\"6 minutes\" \/>\n<script type=\"application\/ld+json\" class=\"yoast-schema-graph\">{\"@context\":\"https:\\\/\\\/schema.org\",\"@graph\":[{\"@type\":\"WebPage\",\"@id\":\"https:\\\/\\\/www.european-show-equipment.com\\\/fr\\\/portfolio-item\\\/fournisseur-materiel-audiovisuel-francfort\\\/\",\"url\":\"https:\\\/\\\/www.european-show-equipment.com\\\/fr\\\/portfolio-item\\\/fournisseur-materiel-audiovisuel-francfort\\\/\",\"name\":\"Fournisseur de mat\u00e9riel audiovisuel Francfort - ESE\",\"isPartOf\":{\"@id\":\"https:\\\/\\\/www.european-show-equipment.com\\\/fr\\\/#website\"},\"primaryImageOfPage\":{\"@id\":\"https:\\\/\\\/www.european-show-equipment.com\\\/fr\\\/portfolio-item\\\/fournisseur-materiel-audiovisuel-francfort\\\/#primaryimage\"},\"image\":{\"@id\":\"https:\\\/\\\/www.european-show-equipment.com\\\/fr\\\/portfolio-item\\\/fournisseur-materiel-audiovisuel-francfort\\\/#primaryimage\"},\"thumbnailUrl\":\"https:\\\/\\\/www.european-show-equipment.com\\\/wp-content\\\/uploads\\\/2020\\\/03\\\/Ecran-OLED-pour-le-salon-Automechanika-Frankfurt.jpg.webp\",\"description\":\"Vous souhaitez louer du mat\u00e9riel audiovisuel pour vos \u00e9v\u00e9nements \u00e0 Francfort et partout en Europe ? ESE est le prestataire qu'il vous faut !\",\"breadcrumb\":{\"@id\":\"https:\\\/\\\/www.european-show-equipment.com\\\/fr\\\/portfolio-item\\\/fournisseur-materiel-audiovisuel-francfort\\\/#breadcrumb\"},\"inLanguage\":\"fr-FR\",\"potentialAction\":[{\"@type\":\"ReadAction\",\"target\":[\"https:\\\/\\\/www.european-show-equipment.com\\\/fr\\\/portfolio-item\\\/fournisseur-materiel-audiovisuel-francfort\\\/\"]}]},{\"@type\":\"ImageObject\",\"inLanguage\":\"fr-FR\",\"@id\":\"https:\\\/\\\/www.european-show-equipment.com\\\/fr\\\/portfolio-item\\\/fournisseur-materiel-audiovisuel-francfort\\\/#primaryimage\",\"url\":\"https:\\\/\\\/www.european-show-equipment.com\\\/wp-content\\\/uploads\\\/2020\\\/03\\\/Ecran-OLED-pour-le-salon-Automechanika-Frankfurt.jpg.webp\",\"contentUrl\":\"https:\\\/\\\/www.european-show-equipment.com\\\/wp-content\\\/uploads\\\/2020\\\/03\\\/Ecran-OLED-pour-le-salon-Automechanika-Frankfurt.jpg.webp\",\"width\":960,\"height\":404,\"caption\":\"Fournisseur \u00e9cran OLED pour Automechanika Frankfurt\"},{\"@type\":\"BreadcrumbList\",\"@id\":\"https:\\\/\\\/www.european-show-equipment.com\\\/fr\\\/portfolio-item\\\/fournisseur-materiel-audiovisuel-francfort\\\/#breadcrumb\",\"itemListElement\":[{\"@type\":\"ListItem\",\"position\":1,\"name\":\"Home\",\"item\":\"https:\\\/\\\/www.european-show-equipment.com\\\/fr\\\/accueil\\\/\"},{\"@type\":\"ListItem\",\"position\":2,\"name\":\"Projekte\",\"item\":\"https:\\\/\\\/www.european-show-equipment.com\\\/fr\\\/portfolio_entries\\\/projekte-fr\\\/\"},{\"@type\":\"ListItem\",\"position\":3,\"name\":\"Mat\u00e9riel audiovisuel, Francfort\"}]},{\"@type\":\"WebSite\",\"@id\":\"https:\\\/\\\/www.european-show-equipment.com\\\/fr\\\/#website\",\"url\":\"https:\\\/\\\/www.european-show-equipment.com\\\/fr\\\/\",\"name\":\"ESE European Show Equipment\",\"description\":\"Your Partner For Professional Show Equipment\",\"publisher\":{\"@id\":\"https:\\\/\\\/www.european-show-equipment.com\\\/fr\\\/#organization\"},\"potentialAction\":[{\"@type\":\"SearchAction\",\"target\":{\"@type\":\"EntryPoint\",\"urlTemplate\":\"https:\\\/\\\/www.european-show-equipment.com\\\/fr\\\/?s={search_term_string}\"},\"query-input\":{\"@type\":\"PropertyValueSpecification\",\"valueRequired\":true,\"valueName\":\"search_term_string\"}}],\"inLanguage\":\"fr-FR\"},{\"@type\":\"Organization\",\"@id\":\"https:\\\/\\\/www.european-show-equipment.com\\\/fr\\\/#organization\",\"name\":\"ESE European Show Equipment\",\"url\":\"https:\\\/\\\/www.european-show-equipment.com\\\/fr\\\/\",\"logo\":{\"@type\":\"ImageObject\",\"inLanguage\":\"fr-FR\",\"@id\":\"https:\\\/\\\/www.european-show-equipment.com\\\/fr\\\/#\\\/schema\\\/logo\\\/image\\\/\",\"url\":\"https:\\\/\\\/www.european-show-equipment.com\\\/wp-content\\\/uploads\\\/2021\\\/01\\\/logo_ESE_sm_.jpg\",\"contentUrl\":\"https:\\\/\\\/www.european-show-equipment.com\\\/wp-content\\\/uploads\\\/2021\\\/01\\\/logo_ESE_sm_.jpg\",\"width\":221,\"height\":46,\"caption\":\"ESE European Show Equipment\"},\"image\":{\"@id\":\"https:\\\/\\\/www.european-show-equipment.com\\\/fr\\\/#\\\/schema\\\/logo\\\/image\\\/\"},\"sameAs\":[\"https:\\\/\\\/www.facebook.com\\\/ese.european.show.equipment\",\"https:\\\/\\\/x.com\\\/europeanshow\",\"https:\\\/\\\/www.linkedin.com\\\/company\\\/ese-european-show-equipment\\\/\"]}]}<\/script>\n<!-- \/ Yoast SEO Premium plugin. -->","yoast_head_json":{"title":"Fournisseur de mat\u00e9riel audiovisuel Francfort - ESE","description":"Vous souhaitez louer du mat\u00e9riel audiovisuel pour vos \u00e9v\u00e9nements \u00e0 Francfort et partout en Europe ? ESE est le prestataire qu'il vous faut !","robots":{"index":"index","follow":"follow","max-snippet":"max-snippet:-1","max-image-preview":"max-image-preview:large","max-video-preview":"max-video-preview:-1"},"canonical":"https:\/\/www.european-show-equipment.com\/fr\/portfolio-item\/fournisseur-materiel-audiovisuel-francfort\/","og_locale":"fr_FR","og_type":"article","og_title":"Mat\u00e9riel audiovisuel, Francfort","og_description":"Vous souhaitez louer du mat\u00e9riel audiovisuel pour vos \u00e9v\u00e9nements \u00e0 Francfort et partout en Europe ? ESE est le prestataire qu'il vous faut !","og_url":"https:\/\/www.european-show-equipment.com\/fr\/portfolio-item\/fournisseur-materiel-audiovisuel-francfort\/","og_site_name":"ESE European Show Equipment","article_publisher":"https:\/\/www.facebook.com\/ese.european.show.equipment","article_modified_time":"2025-08-25T18:34:18+00:00","og_image":[{"width":960,"height":404,"url":"https:\/\/www.european-show-equipment.com\/wp-content\/uploads\/2020\/03\/Ecran-OLED-pour-le-salon-Automechanika-Frankfurt.jpg.webp","type":"image\/webp"}],"twitter_card":"summary_large_image","twitter_site":"@europeanshow","twitter_misc":{"Dur\u00e9e de lecture estim\u00e9e":"6 minutes"},"schema":{"@context":"https:\/\/schema.org","@graph":[{"@type":"WebPage","@id":"https:\/\/www.european-show-equipment.com\/fr\/portfolio-item\/fournisseur-materiel-audiovisuel-francfort\/","url":"https:\/\/www.european-show-equipment.com\/fr\/portfolio-item\/fournisseur-materiel-audiovisuel-francfort\/","name":"Fournisseur de mat\u00e9riel audiovisuel Francfort - ESE","isPartOf":{"@id":"https:\/\/www.european-show-equipment.com\/fr\/#website"},"primaryImageOfPage":{"@id":"https:\/\/www.european-show-equipment.com\/fr\/portfolio-item\/fournisseur-materiel-audiovisuel-francfort\/#primaryimage"},"image":{"@id":"https:\/\/www.european-show-equipment.com\/fr\/portfolio-item\/fournisseur-materiel-audiovisuel-francfort\/#primaryimage"},"thumbnailUrl":"https:\/\/www.european-show-equipment.com\/wp-content\/uploads\/2020\/03\/Ecran-OLED-pour-le-salon-Automechanika-Frankfurt.jpg.webp","description":"Vous souhaitez louer du mat\u00e9riel audiovisuel pour vos \u00e9v\u00e9nements \u00e0 Francfort et partout en Europe ? ESE est le prestataire qu'il vous faut !","breadcrumb":{"@id":"https:\/\/www.european-show-equipment.com\/fr\/portfolio-item\/fournisseur-materiel-audiovisuel-francfort\/#breadcrumb"},"inLanguage":"fr-FR","potentialAction":[{"@type":"ReadAction","target":["https:\/\/www.european-show-equipment.com\/fr\/portfolio-item\/fournisseur-materiel-audiovisuel-francfort\/"]}]},{"@type":"ImageObject","inLanguage":"fr-FR","@id":"https:\/\/www.european-show-equipment.com\/fr\/portfolio-item\/fournisseur-materiel-audiovisuel-francfort\/#primaryimage","url":"https:\/\/www.european-show-equipment.com\/wp-content\/uploads\/2020\/03\/Ecran-OLED-pour-le-salon-Automechanika-Frankfurt.jpg.webp","contentUrl":"https:\/\/www.european-show-equipment.com\/wp-content\/uploads\/2020\/03\/Ecran-OLED-pour-le-salon-Automechanika-Frankfurt.jpg.webp","width":960,"height":404,"caption":"Fournisseur \u00e9cran OLED pour Automechanika Frankfurt"},{"@type":"BreadcrumbList","@id":"https:\/\/www.european-show-equipment.com\/fr\/portfolio-item\/fournisseur-materiel-audiovisuel-francfort\/#breadcrumb","itemListElement":[{"@type":"ListItem","position":1,"name":"Home","item":"https:\/\/www.european-show-equipment.com\/fr\/accueil\/"},{"@type":"ListItem","position":2,"name":"Projekte","item":"https:\/\/www.european-show-equipment.com\/fr\/portfolio_entries\/projekte-fr\/"},{"@type":"ListItem","position":3,"name":"Mat\u00e9riel audiovisuel, Francfort"}]},{"@type":"WebSite","@id":"https:\/\/www.european-show-equipment.com\/fr\/#website","url":"https:\/\/www.european-show-equipment.com\/fr\/","name":"ESE European Show Equipment","description":"Your Partner For Professional Show Equipment","publisher":{"@id":"https:\/\/www.european-show-equipment.com\/fr\/#organization"},"potentialAction":[{"@type":"SearchAction","target":{"@type":"EntryPoint","urlTemplate":"https:\/\/www.european-show-equipment.com\/fr\/?s={search_term_string}"},"query-input":{"@type":"PropertyValueSpecification","valueRequired":true,"valueName":"search_term_string"}}],"inLanguage":"fr-FR"},{"@type":"Organization","@id":"https:\/\/www.european-show-equipment.com\/fr\/#organization","name":"ESE European Show Equipment","url":"https:\/\/www.european-show-equipment.com\/fr\/","logo":{"@type":"ImageObject","inLanguage":"fr-FR","@id":"https:\/\/www.european-show-equipment.com\/fr\/#\/schema\/logo\/image\/","url":"https:\/\/www.european-show-equipment.com\/wp-content\/uploads\/2021\/01\/logo_ESE_sm_.jpg","contentUrl":"https:\/\/www.european-show-equipment.com\/wp-content\/uploads\/2021\/01\/logo_ESE_sm_.jpg","width":221,"height":46,"caption":"ESE European Show Equipment"},"image":{"@id":"https:\/\/www.european-show-equipment.com\/fr\/#\/schema\/logo\/image\/"},"sameAs":["https:\/\/www.facebook.com\/ese.european.show.equipment","https:\/\/x.com\/europeanshow","https:\/\/www.linkedin.com\/company\/ese-european-show-equipment\/"]}]}},"_links":{"self":[{"href":"https:\/\/www.european-show-equipment.com\/fr\/wp-json\/wp\/v2\/portfolio\/14848","targetHints":{"allow":["GET"]}}],"collection":[{"href":"https:\/\/www.european-show-equipment.com\/fr\/wp-json\/wp\/v2\/portfolio"}],"about":[{"href":"https:\/\/www.european-show-equipment.com\/fr\/wp-json\/wp\/v2\/types\/portfolio"}],"replies":[{"embeddable":true,"href":"https:\/\/www.european-show-equipment.com\/fr\/wp-json\/wp\/v2\/comments?post=14848"}],"version-history":[{"count":0,"href":"https:\/\/www.european-show-equipment.com\/fr\/wp-json\/wp\/v2\/portfolio\/14848\/revisions"}],"wp:featuredmedia":[{"embeddable":true,"href":"https:\/\/www.european-show-equipment.com\/fr\/wp-json\/wp\/v2\/media\/18079"}],"wp:attachment":[{"href":"https:\/\/www.european-show-equipment.com\/fr\/wp-json\/wp\/v2\/media?parent=14848"}],"wp:term":[{"taxonomy":"post_tag","embeddable":true,"href":"https:\/\/www.european-show-equipment.com\/fr\/wp-json\/wp\/v2\/tags?post=14848"},{"taxonomy":"portfolio_entries","embeddable":true,"href":"https:\/\/www.european-show-equipment.com\/fr\/wp-json\/wp\/v2\/portfolio_entries?post=14848"}],"curies":[{"name":"wp","href":"https:\/\/api.w.org\/{rel}","templated":true}]}}