{"id":27859,"date":"2023-11-22T15:56:00","date_gmt":"2023-11-22T15:56:00","guid":{"rendered":"https:\/\/www.european-show-equipment.com\/?post_type=portfolio&#038;p=27859"},"modified":"2025-08-25T16:25:59","modified_gmt":"2025-08-25T16:25:59","slug":"prestataire-audiovisuel-cannes","status":"publish","type":"portfolio","link":"https:\/\/www.european-show-equipment.com\/fr\/portfolio-item\/prestataire-audiovisuel-cannes\/","title":{"rendered":"Prestataire Audiovisuel \u00e0 Cannes Tax Free 2023"},"content":{"rendered":"<div id='full_slider_1'  class='avia-fullwidth-slider main_color avia-shadow   avia-builder-el-0  el_before_av_section  avia-builder-el-first   container_wrap fullsize'  >\n<style type=\"text\/css\" data-created_by=\"avia_inline_auto\" id=\"style-css-av-lzwslhjl-8d113395197d726a9dcd6ed0e13bde8a\">\n#top #wrap_all .avia-slideshow .av-slideshow-caption.av-lzwslhjl-8d113395197d726a9dcd6ed0e13bde8a__0 .avia-caption-title{\ncolor:#ffffff;\n}\n\n@media only screen and (min-width: 990px){ \n#top #wrap_all .avia-slideshow .av-slideshow-caption.av-lzwslhjl-8d113395197d726a9dcd6ed0e13bde8a__0 .avia-caption-title{\nfont-size:40px;\n}\n}\n<\/style>\n<div  class='avia-slideshow av-lzwslhjl-8d113395197d726a9dcd6ed0e13bde8a avia-slideshow-featured_large av_slideshow_full avia-fade-slider av-slideshow-ui av-control-default av-slideshow-manual av-loop-once av-loop-manual-endless av-default-height-applied   avia-slideshow-1' data-slideshow-options=\"{&quot;animation&quot;:&quot;fade&quot;,&quot;autoplay&quot;:false,&quot;loop_autoplay&quot;:&quot;once&quot;,&quot;interval&quot;:5,&quot;loop_manual&quot;:&quot;manual-endless&quot;,&quot;autoplay_stopper&quot;:false,&quot;noNavigation&quot;:false,&quot;bg_slider&quot;:false,&quot;transitionSpeed&quot;:100,&quot;keep_padding&quot;:false,&quot;hoverpause&quot;:false,&quot;show_slide_delay&quot;:0}\"  itemprop=\"image\" =\"\" itemtype=\"https:\/\/schema.org\/ImageObject\" ><ul class='avia-slideshow-inner ' style='padding-bottom: 42%;'><li  class='avia-slideshow-slide av-lzwslhjl-8d113395197d726a9dcd6ed0e13bde8a__0  av-single-slide slide-1 slide-odd'><div data-rel='slideshow-1' class='avia-slide-wrap '   ><div class='av-slideshow-caption av-lzwslhjl-8d113395197d726a9dcd6ed0e13bde8a__0 caption_fullwidth caption_left'><div class=\"container caption_container\"><div class=\"slideshow_caption\"><div class=\"slideshow_inner_caption\"><div class=\"slideshow_align_caption\"><h1 class='avia-caption-title '  itemprop=\"name\" >PRESTATAIRE AUDIOVISUEL \u00c0 CANNES<\/h1><\/div><\/div><\/div><\/div><\/div><img decoding=\"async\" class=\"wp-image-23233 avia-img-lazy-loading-not-23233\"  src=\"https:\/\/www.european-show-equipment.com\/wp-content\/uploads\/2016\/09\/photo-cannes-4-1500x630.jpeg\" width=\"1500\" height=\"630\" title='photo cannes 4' alt=''  itemprop=\"thumbnailUrl\"   \/><div class='av-section-color-overlay' style='opacity: 0.2; background-color: #0a0a0a; '><\/div><\/div><\/li><\/ul><\/div><\/div>\n<div id='av_section_1'  class='avia-section av-av_section-f716ba51e7bf82947c918c6ed882cb73 main_color avia-section-default avia-no-border-styling  avia-builder-el-1  el_after_av_slideshow_full  el_before_av_section  avia-bg-style-scroll container_wrap fullsize'  ><div class='container av-section-cont-open' ><div class='template-page content  av-content-full alpha units'><div class='post-entry post-entry-type-page post-entry-27859'><div class='entry-content-wrapper clearfix'>\n<section  class='av_textblock_section av-lzwryvqy-1945a4bdb480dfc7c19292ebb8683a4f'  =\"\" itemtype=\"https:\/\/schema.org\/CreativeWork\" ><div class='avia_textblock'  itemprop=\"text\" ><p><span style=\"font-size: 14pt;\" data-sheets-value=\"{\" data-sheets-userformat=\"{\">Vous recherchez un prestataire audiovisuel \u00e0 Cannes ?<\/span><\/p>\n<h3>Technologie \u00e9v\u00e8nementielle fiable et professionnelle<\/h3>\n<p><span style=\"font-size: 14pt;\">\u2713 Location de mat\u00e9riel vid\u00e9o, audio, \u00e9clairage standard et solutions innovantes<\/span><\/p>\n<h3>Une \u00e9quipe comp\u00e9tente avec plus de 20 ans d\u2019exp\u00e9rience<\/h3>\n<p><span style=\"font-size: 14pt;\">\u2713 Passionn\u00e9e par la technologie \u00e9v\u00e8nementielle<\/span><\/p>\n<h3>Gestion et production de votre projet \u00e9v\u00e8nementiel de A \u00e0 Z:<\/h3>\n<p><span style=\"font-size: 14pt;\">\u2713 Organisation, planification, mise en \u0153uvre afin de vous faire profiter d\u2019un r\u00e9sultat optimum<\/span><\/p>\n<h3>R\u00e9ussite \u00e0 travers tous types d\u2019\u00e9v\u00e8nements<\/h3>\n<p><span style=\"font-size: 14pt;\">\u2713 Des congr\u00e8s aux foires et salons en passant par les \u00e9v\u00e8nements corporate\u00a0et\u00a0priv\u00e9s<\/span><\/p>\n<\/div><\/section>\n<div class='flex_column av-av_one_fourth-7714eba142aeda1f8b5272a3c372b279 av_one_fourth  avia-builder-el-3  el_after_av_textblock  el_before_av_one_half  first flex_column_div column-top-margin'     ><\/div><div class='flex_column av-av_one_half-f1c518e9ff58e869f80c8f093487abc9 av_one_half  avia-builder-el-4  el_after_av_one_fourth  el_before_av_one_fourth  flex_column_div column-top-margin'     ><div  class='avia-button-wrap av-av_button-c347c2998c80c4408df03e2340c6d3dc-wrap avia-button-center  avia-builder-el-5  avia-builder-el-no-sibling '><a href='#kontakt'  class='avia-button av-av_button-c347c2998c80c4408df03e2340c6d3dc avia-icon_select-no avia-size-small avia-position-center avia-color-theme-color'  ><span class='avia_iconbox_title' >Contactez-nous<\/span><\/a><\/div><\/div><div class='flex_column av-av_one_fourth-f1c518e9ff58e869f80c8f093487abc9 av_one_fourth  avia-builder-el-6  el_after_av_one_half  avia-builder-el-last  flex_column_div column-top-margin'     ><\/div><\/div><\/div><\/div><!-- close content main div --><\/div><\/div>\n<style type=\"text\/css\" data-created_by=\"avia_inline_auto\" id=\"style-css-av-av_section-668f1ac7002c9bef8736bf046f82f4bd\">\n.avia-section.av-av_section-668f1ac7002c9bef8736bf046f82f4bd{\nbackground-color:#eaeaea;\nbackground-image:unset;\n}\n<\/style>\n<div id='av_section_2'  class='avia-section av-av_section-668f1ac7002c9bef8736bf046f82f4bd main_color avia-section-default avia-no-border-styling  avia-builder-el-7  el_after_av_section  el_before_av_section  avia-bg-style-scroll container_wrap fullsize'  ><div class='container av-section-cont-open' ><div class='template-page content  av-content-full alpha units'><div class='post-entry post-entry-type-page post-entry-27859'><div class='entry-content-wrapper clearfix'>\n<section  class='av_textblock_section av-av_textblock-7a1af7d8f9790576b1769c0a9f0449ed'  =\"\" itemtype=\"https:\/\/schema.org\/CreativeWork\" ><div class='avia_textblock'  itemprop=\"text\" ><h3 style=\"text-align: center;\"><strong>UN LARGE CHOIX DE MAT\u00c9RIEL \u00c9V\u00c9NEMENTIEL HAUT DE GAMME<\/strong><\/h3>\n<\/div><\/section>\n\n<style type=\"text\/css\" data-created_by=\"avia_inline_auto\" id=\"style-css-av-av_hr-82f5be0ae0af6a64fe3091010b237709\">\n#top .hr.hr-invisible.av-av_hr-82f5be0ae0af6a64fe3091010b237709{\nheight:20px;\n}\n<\/style>\n<div  class='hr av-av_hr-82f5be0ae0af6a64fe3091010b237709 hr-invisible  avia-builder-el-9  el_after_av_textblock  el_before_av_masonry_entries  avia-builder-el-last '><span class='hr-inner '><span class=\"hr-inner-style\"><\/span><\/span><\/div>\n<div id='av-masonry-1' class='av-masonry av-av_masonry_entries-f7725984febfb4702d4ef545132eacbb noHover av-fixed-size av-large-gap av-hover-overlay- av-masonry-animation-active av-masonry-col-3 av-caption-always av-caption-style- av-masonry-entries '><div class=\"av-masonry-container isotope av-js-disabled\"><div class='av-masonry-entry isotope-item av-masonry-item-no-image '><\/div><a href=\"https:\/\/www.european-show-equipment.com\/fr\/portfolio-item\/location-ecran-geant\/\"  id='av-masonry-1-item-1739' data-av-masonry-item='1739' class='av-masonry-entry isotope-item post-1739 portfolio type-portfolio status-publish has-post-thumbnail tag-location-ecran-geant tag-location-mur-led portfolio_entries-location portfolio_entries-vermietung-fr  av-masonry-item-with-image' title=\"Murs LED sur-mesure, Davos (WEF)\"   =\"\" itemtype=\"https:\/\/schema.org\/CreativeWork\" ><div class='av-inner-masonry-sizer'><\/div><figure class='av-inner-masonry main_color'><div class=\"av-masonry-outerimage-container\"><div class='av-masonry-image-container' style=\"background-image: url(https:\/\/www.european-show-equipment.com\/wp-content\/uploads\/2023\/06\/WEF-2017-Davos-2mm-videowand-mieten-schweiz-705x470.png);\"  title=\"Murs LED sur-mesure, Davos (WEF)\"   alt=\"Murs LED sur-mesure en location, Davos (WEF)\" ><\/div><\/div><figcaption class='av-inner-masonry-content site-background'><div class='av-inner-masonry-content-pos'><div class='av-inner-masonry-content-pos-content'><div class='avia-arrow'><\/div><h3 class='av-masonry-entry-title entry-title '  itemprop=\"headline\" >\u00c9CRAN G\u00c9ANT LED<\/h3><div class='av-masonry-entry-content entry-content'  itemprop=\"text\" >\u00c9crans g\u00e9ants LED | Indoor l Outdoor<\/div><\/div><\/div><\/figcaption><\/figure><\/a><!--end av-masonry entry--><a href=\"https:\/\/www.european-show-equipment.com\/fr\/portfolio-item\/location-remorque-led\/\"  id='av-masonry-1-item-1737' data-av-masonry-item='1737' class='av-masonry-entry isotope-item post-1737 portfolio type-portfolio status-publish has-post-thumbnail portfolio_entries-location portfolio_entries-vermietung-fr  av-masonry-item-with-image' title=\"LED-Trailer-square\"   =\"\" itemtype=\"https:\/\/schema.org\/CreativeWork\" ><div class='av-inner-masonry-sizer'><\/div><figure class='av-inner-masonry main_color'><div class=\"av-masonry-outerimage-container\"><div class='av-masonry-image-container' style=\"background-image: url(https:\/\/www.european-show-equipment.com\/wp-content\/uploads\/2024\/01\/LED-Trailer-square-705x705.webp);\"  title=\"LED-Trailer-square\"   alt=\"Mobile LED Wand auf Trailer verkleidet mieten\" ><\/div><\/div><figcaption class='av-inner-masonry-content site-background'><div class='av-inner-masonry-content-pos'><div class='av-inner-masonry-content-pos-content'><div class='avia-arrow'><\/div><h3 class='av-masonry-entry-title entry-title '  itemprop=\"headline\" >REMORQUE LED<\/h3><div class='av-masonry-entry-content entry-content'  itemprop=\"text\" >\u00c9crans LED mobiles sur remorque<\/div><\/div><\/div><\/figcaption><\/figure><\/a><!--end av-masonry entry--><a href=\"https:\/\/www.european-show-equipment.com\/fr\/portfolio-item\/materiel-conference\/\"  id='av-masonry-1-item-2090' data-av-masonry-item='2090' class='av-masonry-entry isotope-item post-2090 portfolio type-portfolio status-publish has-post-thumbnail portfolio_entries-location portfolio_entries-vermietung-fr  av-masonry-item-with-image' title=\"Conference-2023 (2)\"   =\"\" itemtype=\"https:\/\/schema.org\/CreativeWork\" ><div class='av-inner-masonry-sizer'><\/div><figure class='av-inner-masonry main_color'><div class=\"av-masonry-outerimage-container\"><div class='av-masonry-image-container' style=\"background-image: url(https:\/\/www.european-show-equipment.com\/wp-content\/uploads\/2015\/01\/Conference-2023-2-705x420.webp);\"  title=\"Conference-2023 (2)\"  ><\/div><\/div><figcaption class='av-inner-masonry-content site-background'><div class='av-inner-masonry-content-pos'><div class='av-inner-masonry-content-pos-content'><div class='avia-arrow'><\/div><h3 class='av-masonry-entry-title entry-title '  itemprop=\"headline\" >MAT\u00c9RIEL DE CONF\u00c9RENCE<\/h3><div class='av-masonry-entry-content entry-content'  itemprop=\"text\" >Sonorisation | Vid\u00e9os | Headsets<\/div><\/div><\/div><\/figcaption><\/figure><\/a><!--end av-masonry entry--><a href=\"https:\/\/www.european-show-equipment.com\/fr\/portfolio-item\/location-ecran-plat\/\"  id='av-masonry-1-item-1729' data-av-masonry-item='1729' class='av-masonry-entry isotope-item post-1729 portfolio type-portfolio status-publish has-post-thumbnail portfolio_entries-location portfolio_entries-vermietung-fr  av-masonry-item-with-image' title=\"Flatscreen, Cannes-2024\"   =\"\" itemtype=\"https:\/\/schema.org\/CreativeWork\" ><div class='av-inner-masonry-sizer'><\/div><figure class='av-inner-masonry main_color'><div class=\"av-masonry-outerimage-container\"><div class='av-masonry-image-container' style=\"background-image: url(https:\/\/www.european-show-equipment.com\/wp-content\/uploads\/2023\/06\/Flatscreen-Cannes-2024-1-705x389.webp);\"  title=\"Flatscreen, Cannes-2024\"  ><\/div><\/div><figcaption class='av-inner-masonry-content site-background'><div class='av-inner-masonry-content-pos'><div class='av-inner-masonry-content-pos-content'><div class='avia-arrow'><\/div><h3 class='av-masonry-entry-title entry-title '  itemprop=\"headline\" >\u00c9CRANS PLATS<\/h3><div class='av-masonry-entry-content entry-content'  itemprop=\"text\" >\u00c9crans plats LCD 32\" - 98\" | sur support<\/div><\/div><\/div><\/figcaption><\/figure><\/a><!--end av-masonry entry--><a href=\"https:\/\/www.european-show-equipment.com\/fr\/portfolio-item\/location-borne-tactile\/\"  id='av-masonry-1-item-1736' data-av-masonry-item='1736' class='av-masonry-entry isotope-item post-1736 portfolio type-portfolio status-publish has-post-thumbnail portfolio_entries-location portfolio_entries-vermietung-fr  av-masonry-item-with-image' title=\"kiosk tactiles\"   =\"\" itemtype=\"https:\/\/schema.org\/CreativeWork\" ><div class='av-inner-masonry-sizer'><\/div><figure class='av-inner-masonry main_color'><div class=\"av-masonry-outerimage-container\"><div class='av-masonry-image-container' style=\"background-image: url(https:\/\/www.european-show-equipment.com\/wp-content\/uploads\/2023\/06\/kiosk-tactiles--705x705.webp);\"  title=\"kiosk tactiles\"  ><\/div><\/div><figcaption class='av-inner-masonry-content site-background'><div class='av-inner-masonry-content-pos'><div class='av-inner-masonry-content-pos-content'><div class='avia-arrow'><\/div><h3 class='av-masonry-entry-title entry-title '  itemprop=\"headline\" >BORNES TACTILES<\/h3><div class='av-masonry-entry-content entry-content'  itemprop=\"text\" >Bornes | Tables | Totems | Terminaux<\/div><\/div><\/div><\/figcaption><\/figure><\/a><!--end av-masonry entry--><a href=\"https:\/\/www.european-show-equipment.com\/fr\/portfolio-item\/location-affichage-en-cube-led\/\"  id='av-masonry-1-item-29188' data-av-masonry-item='29188' class='av-masonry-entry isotope-item post-29188 portfolio type-portfolio status-publish has-post-thumbnail portfolio_entries-location portfolio_entries-vermietung-fr  av-masonry-item-with-image' title=\"led-cube__\"   =\"\" itemtype=\"https:\/\/schema.org\/CreativeWork\" ><div class='av-inner-masonry-sizer'><\/div><figure class='av-inner-masonry main_color'><div class=\"av-masonry-outerimage-container\"><div class='av-masonry-image-container' style=\"background-image: url(https:\/\/www.european-show-equipment.com\/wp-content\/uploads\/2025\/05\/led-cube__-705x296.webp);\"  title=\"led-cube__\"  ><\/div><\/div><figcaption class='av-inner-masonry-content site-background'><div class='av-inner-masonry-content-pos'><div class='av-inner-masonry-content-pos-content'><div class='avia-arrow'><\/div><h3 class='av-masonry-entry-title entry-title '  itemprop=\"headline\" >AFFICHAGE EN CUBE LED<\/h3><div class='av-masonry-entry-content entry-content'  itemprop=\"text\" >Contenu Interactif | Contr\u00f4le \u00e0 Distance<\/div><\/div><\/div><\/figcaption><\/figure><\/a><!--end av-masonry entry--><\/div><a class='av-masonry-pagination av-masonry-load-more' href='#load-more'  data-link='portfolio_entries, 16'  data-wc_prod_visible=''  data-wc_prod_hidden='hide'  data-wc_prod_featured=''  data-prod_order_by=''  data-prod_order=''  data-date_filter=''  data-date_filter_start=''  data-date_filter_end=''  data-date_filter_format='yy\/mm\/dd'  data-period_filter_unit_1='1'  data-period_filter_unit_2='year'  data-sort='no'  data-query_orderby='date'  data-query_order='ASC'  data-caption_elements='title excerpt'  data-caption_styling=''  data-caption_display='always'  data-size='fixed'  data-orientation=''  data-image_size='masonry'  data-gap='large'  data-columns='3'  data-av-desktop-columns=''  data-av-medium-columns=''  data-av-small-columns=''  data-av-mini-columns=''  data-items='6'  data-paginate='load_more'  data-color=''  data-custom_bg=''  data-animation='active'  data-animation_duration=''  data-animation_custom_bg_color=''  data-animation_custom_bg_color_multi_list=''  data-animation_z_index_curtain='100'  data-overlay_fx=''  data-img_scrset=''  data-lazy_loading='disabled'  data-av-desktop-hide=''  data-av-medium-hide=''  data-av-small-hide=''  data-av-mini-hide=''  data-id=''  data-custom_class=''  data-template_class=''  data-element_template=''  data-one_element_template=''  data-show_locked_options_fakeArg=''  data-av_uid=''  data-sc_version='1.0'  data-ids=''  data-action=''  data-post_type='post, page, attachment, revision, nav_menu_item, custom_css, customize_changeset, oembed_cache, user_request, wp_block, wp_template, wp_template_part, wp_global_styles, wp_navigation, wp_font_family, wp_font_face, forminator_forms, forminator_polls, forminator_quizzes, alb_elements, modula-gallery, ml-slider, ml-slide, portfolio, avia_framework_post, googlesitekit_email'  data-offset='0'  data-container_links='active'  data-link_dest=''  data-lightbox_text=''  data-container_class='av-masonry-entries'  data-auto_ratio='1.7'  data-set_breadcrumb='1'  data-custom_markup=''  data-taxonomy='portfolio_entries'  data-categories='16'  data-avno='c53feab58f'>Charger plus<\/a><\/div>\n\n<\/div><\/div><\/div><!-- close content main div --><\/div><\/div><div id='av_section_3'  class='avia-section av-4q0cdxv-42caa7604d4c69ebc15966b69df029a5 main_color avia-section-default avia-no-border-styling  avia-builder-el-11  el_after_av_section  el_before_av_section  avia-bg-style-scroll container_wrap fullsize'  ><div class='container av-section-cont-open' ><div class='template-page content  av-content-full alpha units'><div class='post-entry post-entry-type-page post-entry-27859'><div class='entry-content-wrapper clearfix'>\n\n\n<style type=\"text\/css\" data-created_by=\"avia_inline_auto\" id=\"style-css-av-lzws0wyr-5e5a1536d8298e7f0dc0cf456628b808\">\n#top .av-special-heading.av-lzws0wyr-5e5a1536d8298e7f0dc0cf456628b808{\npadding-bottom:10px;\n}\nbody .av-special-heading.av-lzws0wyr-5e5a1536d8298e7f0dc0cf456628b808 .av-special-heading-tag .heading-char{\nfont-size:25px;\n}\n.av-special-heading.av-lzws0wyr-5e5a1536d8298e7f0dc0cf456628b808 .av-subheading{\nfont-size:15px;\n}\n<\/style>\n<div  class='av-special-heading av-lzws0wyr-5e5a1536d8298e7f0dc0cf456628b808 av-special-heading-h2 blockquote modern-quote modern-centered  avia-builder-el-13  el_after_av_codeblock  el_before_av_hr '><h2 class='av-special-heading-tag'  itemprop=\"headline\"  >UN EXEMPLE DE NOS PROJETS DE LOCATION A CANNES : Tax Free 2023<\/h2><div class=\"special-heading-border\"><div class=\"special-heading-inner-border\"><\/div><\/div><\/div>\n\n<style type=\"text\/css\" data-created_by=\"avia_inline_auto\" id=\"style-css-av-lt8th0cw-2ad920aa54b65aaff061d312dc8bf250\">\n#top .hr.hr-invisible.av-lt8th0cw-2ad920aa54b65aaff061d312dc8bf250{\nheight:30px;\n}\n<\/style>\n<div  class='hr av-lt8th0cw-2ad920aa54b65aaff061d312dc8bf250 hr-invisible  avia-builder-el-14  el_after_av_heading  el_before_av_masonry_gallery  avia-builder-el-last '><span class='hr-inner '><span class=\"hr-inner-style\"><\/span><\/span><\/div>\n<div id='av-masonry-2' class='av-masonry av-2koo71v-81525afd20a3f0d242471aaa7c7740c4 noHover av-fixed-size av-large-gap av-hover-overlay- av-masonry-animation-active av-masonry-col-4 av-caption-always av-caption-style- av-masonry-gallery av-orientation-square '><div class=\"av-masonry-container isotope av-js-disabled\"><div class='av-masonry-entry isotope-item av-masonry-item-no-image '><\/div><a href=\"https:\/\/www.european-show-equipment.com\/wp-content\/uploads\/2023\/10\/IMG_0699-1030x773.webp\" data-srcset=\"https:\/\/www.european-show-equipment.com\/wp-content\/uploads\/2023\/10\/IMG_0699-1030x773.webp 1030w, https:\/\/www.european-show-equipment.com\/wp-content\/uploads\/2023\/10\/IMG_0699-300x225.webp 300w, https:\/\/www.european-show-equipment.com\/wp-content\/uploads\/2023\/10\/IMG_0699-768x576.webp 768w, https:\/\/www.european-show-equipment.com\/wp-content\/uploads\/2023\/10\/IMG_0699-705x529.webp 705w, https:\/\/www.european-show-equipment.com\/wp-content\/uploads\/2023\/10\/IMG_0699.webp 1500w\" data-sizes=\"(max-width: 1030px) 100vw, 1030px\"  aria-label=\"image Prestataire Audiovisuel in Cannes\"  id='av-masonry-2-item-26733' data-av-masonry-item='26733' class='av-masonry-entry isotope-item post-26733 attachment type-attachment status-inherit  av-masonry-item-with-image' title=\"Prestataire Audiovisuel in Cannes\" alt=\"Prestataire Audiovisuel in Cannes\"    itemprop=\"thumbnailUrl\" ><div class='av-inner-masonry-sizer'><\/div><figure class='av-inner-masonry main_color'><div class=\"av-masonry-outerimage-container\"><div class='av-masonry-image-container' style=\"background-image: url(https:\/\/www.european-show-equipment.com\/wp-content\/uploads\/2023\/10\/IMG_0699-495x400.webp);\"  title=\"Prestataire Audiovisuel in Cannes\"   alt=\"Prestataire Audiovisuel in Cannes\" ><\/div><\/div><\/figure><\/a><!--end av-masonry entry--><a href=\"https:\/\/www.european-show-equipment.com\/wp-content\/uploads\/2023\/10\/IMG_0988-2-2-1030x579.webp\" data-srcset=\"https:\/\/www.european-show-equipment.com\/wp-content\/uploads\/2023\/10\/IMG_0988-2-2-1030x579.webp 1030w, https:\/\/www.european-show-equipment.com\/wp-content\/uploads\/2023\/10\/IMG_0988-2-2-300x169.webp 300w, https:\/\/www.european-show-equipment.com\/wp-content\/uploads\/2023\/10\/IMG_0988-2-2-768x432.webp 768w, https:\/\/www.european-show-equipment.com\/wp-content\/uploads\/2023\/10\/IMG_0988-2-2-1536x864.webp 1536w, https:\/\/www.european-show-equipment.com\/wp-content\/uploads\/2023\/10\/IMG_0988-2-2-scaled.webp 2048w, https:\/\/www.european-show-equipment.com\/wp-content\/uploads\/2023\/10\/IMG_0988-2-2-1500x844.webp 1500w, https:\/\/www.european-show-equipment.com\/wp-content\/uploads\/2023\/10\/IMG_0988-2-2-705x397.webp 705w\" data-sizes=\"(max-width: 1030px) 100vw, 1030px\"  aria-label=\"image TFWA, Cannes, 2023\"  id='av-masonry-2-item-26190' data-av-masonry-item='26190' class='av-masonry-entry isotope-item post-26190 attachment type-attachment status-inherit  av-masonry-item-with-image' title=\"TFWA, Cannes, 2023\" alt=\"Location \u00c9cran G\u00e9ant et prestataire audiovisuel \u00e0 Cannes\"    itemprop=\"thumbnailUrl\" ><div class='av-inner-masonry-sizer'><\/div><figure class='av-inner-masonry main_color'><div class=\"av-masonry-outerimage-container\"><div class='av-masonry-image-container' style=\"background-image: url(https:\/\/www.european-show-equipment.com\/wp-content\/uploads\/2023\/10\/IMG_0988-2-2-495x400.webp);\"  title=\"TFWA, Cannes, 2023\"   alt=\"Location \u00c9cran G\u00e9ant et prestataire audiovisuel \u00e0 Cannes\" ><\/div><\/div><\/figure><\/a><!--end av-masonry entry--><a href=\"https:\/\/www.european-show-equipment.com\/wp-content\/uploads\/2024\/06\/Eventtechnik-mieten-in-Cannes-1030x773.webp\" data-srcset=\"https:\/\/www.european-show-equipment.com\/wp-content\/uploads\/2024\/06\/Eventtechnik-mieten-in-Cannes-1030x773.webp 1030w, https:\/\/www.european-show-equipment.com\/wp-content\/uploads\/2024\/06\/Eventtechnik-mieten-in-Cannes-300x225.webp 300w, https:\/\/www.european-show-equipment.com\/wp-content\/uploads\/2024\/06\/Eventtechnik-mieten-in-Cannes-768x576.webp 768w, https:\/\/www.european-show-equipment.com\/wp-content\/uploads\/2024\/06\/Eventtechnik-mieten-in-Cannes-705x529.webp 705w, https:\/\/www.european-show-equipment.com\/wp-content\/uploads\/2024\/06\/Eventtechnik-mieten-in-Cannes.webp 1500w\" data-sizes=\"(max-width: 1030px) 100vw, 1030px\"  aria-label=\"image \u00c9cran plat, TFWA, Cannes, 2023\"  id='av-masonry-2-item-32657' data-av-masonry-item='32657' class='av-masonry-entry isotope-item post-32657 attachment type-attachment status-inherit  av-masonry-item-with-image' title=\"\u00c9cran plat, TFWA, Cannes, 2023\" alt=\"Prestataire Audiovisuel \u00e0 Cannes\"    itemprop=\"thumbnailUrl\" ><div class='av-inner-masonry-sizer'><\/div><figure class='av-inner-masonry main_color'><div class=\"av-masonry-outerimage-container\"><div class='av-masonry-image-container' style=\"background-image: url(https:\/\/www.european-show-equipment.com\/wp-content\/uploads\/2024\/06\/Eventtechnik-mieten-in-Cannes-495x400.webp);\"  title=\"\u00c9cran plat, TFWA, Cannes, 2023\"   alt=\"Prestataire Audiovisuel \u00e0 Cannes\" ><\/div><\/div><\/figure><\/a><!--end av-masonry entry--><a href=\"https:\/\/www.european-show-equipment.com\/wp-content\/uploads\/2023\/10\/IMG_0659-1-1030x773.webp\" data-srcset=\"https:\/\/www.european-show-equipment.com\/wp-content\/uploads\/2023\/10\/IMG_0659-1-1030x773.webp 1030w, https:\/\/www.european-show-equipment.com\/wp-content\/uploads\/2023\/10\/IMG_0659-1-300x225.webp 300w, https:\/\/www.european-show-equipment.com\/wp-content\/uploads\/2023\/10\/IMG_0659-1-768x576.webp 768w, https:\/\/www.european-show-equipment.com\/wp-content\/uploads\/2023\/10\/IMG_0659-1-705x529.webp 705w, https:\/\/www.european-show-equipment.com\/wp-content\/uploads\/2023\/10\/IMG_0659-1.webp 1500w\" data-sizes=\"(max-width: 1030px) 100vw, 1030px\"  aria-label=\"image Location \u00c9cran G\u00e9ant Cannes\"  id='av-masonry-2-item-26725' data-av-masonry-item='26725' class='av-masonry-entry isotope-item post-26725 attachment type-attachment status-inherit  av-masonry-item-with-image' title=\"Location \u00c9cran G\u00e9ant Cannes\" alt=\"Location \u00c9cran G\u00e9ant comme prestataire audiovisuel \u00e0 Cannes !\"    itemprop=\"thumbnailUrl\" ><div class='av-inner-masonry-sizer'><\/div><figure class='av-inner-masonry main_color'><div class=\"av-masonry-outerimage-container\"><div class='av-masonry-image-container' style=\"background-image: url(https:\/\/www.european-show-equipment.com\/wp-content\/uploads\/2023\/10\/IMG_0659-1-495x400.webp);\"  title=\"Location \u00c9cran G\u00e9ant Cannes\"   alt=\"Location \u00c9cran G\u00e9ant comme prestataire audiovisuel \u00e0 Cannes !\" ><\/div><\/div><\/figure><\/a><!--end av-masonry entry--><\/div><\/div>\n<div class='flex_column av-4fvm8r7-0771bbd2591410017966f1ffa4beca43 av_one_full  avia-builder-el-16  el_after_av_masonry_gallery  avia-builder-el-no-sibling  first flex_column_div '     ><section  class='av_textblock_section av-432fvkj-e63e5677443e94d38bc5f21b4b447c9c'  =\"\" itemtype=\"https:\/\/schema.org\/CreativeWork\" ><div class='avia_textblock'  itemprop=\"text\" ><article class=\"post-entry post-entry-type-standard post-entry-4215 post-loop-1 post-parity-odd post-entry-last single-big post-4215 post type-post status-publish format-standard hentry category-uncategorized\">\n<div class=\"entry-content-wrapper clearfix standard-content\">\n<div class=\"entry-content\">\n<h2><span style=\"vertical-align: inherit;\">Prestataire Audiovisuel \u00e0 Cannes \u00e0 Tax Free 2023!<\/span><\/h2>\n<p>\u00c9tant prestataire audiovisuel du palais des festivals \u00e0 Cannes, nos \u00e9quipes de ESE ont \u00e9t\u00e9 sollicit\u00e9es pour intervenir lors du rendez-vous annuel des Duty Free, pour une location d&rsquo;\u00e9crans g\u00e9ants et de murs LED dans le cadre de notre location mat\u00e9riel \u00e9v\u00e9nementiel, \u00e0 Cannes, pour diff\u00e9rents clients sur divers stands.<\/p>\n<p>Heureusement, nous poss\u00e9dons un local \u00e0 quelques minutes du Palais des Festivals, un lieu que nous connaissons bien car nous intervenons sur plusieurs \u00e9v\u00e9nements au cours l&rsquo;ann\u00e9e. Nous avons donc pu r\u00e9pondre aux attentes de nos clients avec notre \u00e9quipement audiovisuel professionnel de qualit\u00e9, en tant que prestataire audiovisuel \u00e0 Cannes.<\/p>\n<\/div>\n<div class=\"entry-content\"><\/div>\n<\/div>\n<\/article>\n<\/div><\/section><br \/>\n\n<style type=\"text\/css\" data-created_by=\"avia_inline_auto\" id=\"style-css-av-lt8tfkrt-7438e2b4cf58cff23620dc3b558b9efa\">\n#top .hr.hr-invisible.av-lt8tfkrt-7438e2b4cf58cff23620dc3b558b9efa{\nheight:30px;\n}\n<\/style>\n<div  class='hr av-lt8tfkrt-7438e2b4cf58cff23620dc3b558b9efa hr-invisible  avia-builder-el-18  el_after_av_textblock  el_before_av_textblock '><span class='hr-inner '><span class=\"hr-inner-style\"><\/span><\/span><\/div><br \/>\n<section  class='av_textblock_section av-lt8telae-7cc243f46af1d3605aa49699fa0f0f5e'  =\"\" itemtype=\"https:\/\/schema.org\/CreativeWork\" ><div class='avia_textblock'  itemprop=\"text\" ><div class=\"entry-content\">\n<p style=\"vertical-align: inherit;\"><strong><span style=\"font-size: 14pt; color: #0b3a66;\">Descriptif concernant la location et l&rsquo;installation sur les diff\u00e9rents stands\u00a0<\/span><\/strong><\/p>\n<p>Nous sommes donc intervenu sur diverses stands notamment Remy Martin que nous pouvons cit\u00e9, pour leurs installer diverses \u00e9quipements pour correspondre au mieux \u00e0 l&rsquo;image qu&rsquo;il souhaite partager.<\/p>\n<\/div>\n<p><strong>Voici nos \u00e9quipements install\u00e9s sur chaque stand :<\/strong><\/p>\n<p><strong>Pour Remy Martin :<\/strong> Pour ce stand, le mat\u00e9riel utilis\u00e9 fut des \u00e9crans g\u00e9ants d&rsquo;une dimension de 65&Prime; et 55&Prime;, encastrer directement dans les murs de leur stand, pour pouvoir accompagner visuellement les visiteurs et les collaborateurs dans leur univers unique et prestigieux<\/p>\n<p><strong>Second Stand :<\/strong> Nos \u00e9quipes ont install\u00e9 un mur LED de 8 m sur 5 m avec des pixels de 2.5mm, une enceinte et un ordinateur, pour qu&rsquo;ils puissent g\u00e9rer leurs vid\u00e9o diffus\u00e9 avec la musique qui correspond synchroniser \u00e0 la perfection pour \u00e9blouir les visiteurs et leurs collaborateurs.<\/p>\n<p><strong>Troisi\u00e8me Stand :<\/strong> Concernant ce stand, nous avons \u00e9galement install\u00e9 un mur LED de r\u00e9solution identique, mais cette fois ci d&rsquo;une taille de 1,5 m sur 3 m, cette disposition a \u00e9t\u00e9 faite pour pouvoir diffuser des images en portrait pour impressionner les passant car le mur LED \u00e9tait \u00e0 l&rsquo;entr\u00e9e du stand.<\/p>\n<div class=\"entry-content\">\n<p><span style=\"vertical-align: inherit;\">Vous souhaitez louer nos services pour votre \u00e9v\u00e9nement ? Alors n&rsquo;h\u00e9sitez pas \u00e0 nous <\/span><a href=\"https:\/\/www.european-show-equipment.com\/fr\/contact\/\"><span style=\"vertical-align: inherit;\">contacter<\/span><\/a><span style=\"vertical-align: inherit;\"> !<\/span><\/div>\n<\/div><\/section><br \/>\n<section  class='av_textblock_section av-lpcncm52-d4b4cd133fa5455371d080e954580580'  =\"\" itemtype=\"https:\/\/schema.org\/CreativeWork\" ><div class='avia_textblock'  itemprop=\"text\" ><article class=\"post-entry post-entry-type-standard post-entry-4215 post-loop-1 post-parity-odd post-entry-last single-big post-4215 post type-post status-publish format-standard hentry category-uncategorized\">\n<div class=\"entry-content-wrapper clearfix standard-content\">\n<div class=\"entry-content\"><\/div>\n<div class=\"entry-content\">\n<h3><strong>Une forte pr\u00e9sence sur le territoire fran\u00e7ais avec ESE AZUR \u2013 partenaire officiel du\u00a0<a href=\"https:\/\/www.palaisdesfestivals.com\/\">Palais des Festivals de Cannes<\/a><\/strong><\/h3>\n<p>A la faveur de plus de 15 ans d\u2019exp\u00e9rience et de savoir-faire reconnu en tant que\u00a0<strong>prestataire audiovisuel technique \u00e9v\u00e8nementiel<\/strong>,\u00a0ESE European Show Equipment\u00a0et sa filiale fran\u00e7aise\u00a0<strong>ESE AZUR\u00a0<\/strong>ont le plaisir d\u2019\u00eatre le partenaire et prestataire audiovisuel technique officiel du Palais des Festivals \u00e0 <strong>Cannes<\/strong>\u00a0et un des premiers interlocuteurs \u00e9v\u00e9nementiels sur la C\u00f4te d\u2019Azur.<\/p>\n<p>Nous sommes par ailleurs officiellement r\u00e9f\u00e9renc\u00e9s par l\u2019organisateur sur certains \u00e9v\u00e8nements, notamment\u00a0:<\/p>\n<ul>\n<li><u><a href=\"http:\/\/www.mipim.com\/\">MIPIM<\/a><\/u>\u2013\u00a0<em>March\u00e9 International des Professionnels de l\u2019Immobilier<\/em><\/li>\n<li><u><a href=\"http:\/\/www.miptv.com\/\">MIPTV<\/a><\/u>\u2013\u00a0<em>March\u00e9 International des Programmes de T\u00e9l\u00e9vision<\/em><\/li>\n<li><u><a href=\"http:\/\/www.midem.com\/\">MIDEM<\/a><\/u>\u2013\u00a0<em>March\u00e9 international de l\u2019Edition Musicale<\/em><\/li>\n<li><u><a href=\"http:\/\/www.mipcom.com\/\">MIPCOM<\/a><\/u>\u2013\u00a0<em>March\u00e9 International des Programmes de Communication<\/em><\/li>\n<li><u><a href=\"http:\/\/www.mapic.com\/\">MAPIC<\/a><\/u>\u2013\u00a0<em>March\u00e9 International Professionnel de l\u2019Immobilier\u00a0de Commerce<\/em><\/li>\n<\/ul>\n<p>Dans son r\u00f4le de prestataire audiovisuel technique \u00e9v\u00e8nementiel, ESE AZUR collabore \u00e9troitement avec l\u2019organisateur des diff\u00e9rents \u00e9v\u00e8nements du Palais des Festival et g\u00e8re d\u2019une part la partie \u00e9quipements techniques sur les stands clients, et d\u2019autre part les conf\u00e9rences. Nous utilisons entre autres pour ce faire du mat\u00e9riel de traduction haut de gamme et des \u00e9quipements techniques de qualit\u00e9 pour sonoriser les diff\u00e9rents espaces.<\/p>\n<p>Nous collaborons \u00e9galement avec de nombreuses agences \u00e9v\u00e8nementielles qui nous font confiance sur d\u2019autres \u00e9v\u00e8nements comme le Festival International du Film, Cannes Lions, TFWA, Cannes Yachting Festival, Monaco Yacht Show et bien d\u2019autres\u00a0!<\/p>\n<ul>\n<li><em>FESTIVAL DE CANNES \u2013 Festival International du Film<\/em><\/li>\n<li><em>CANNES LIONS\u00a0&#8211; Festival international de la cr\u00e9ativit\u00e9<\/em><\/li>\n<li><em>TAX FREE &#8211; TFWA World Exhibition &#038; Conference<\/em><\/li>\n<li><em>CANNES YACHTING FESTIVAL &#8211; Salon Nautique \u00e0 flots europ\u00e9en<\/em><\/li>\n<li><em>MONACO YACHT SHOW MYS \u2013Salon international de superyachts<\/em><\/li>\n<\/ul>\n<\/div>\n<\/div>\n<\/article>\n<\/div><\/section><\/p><\/div><\/div><\/div><\/div><!-- close content main div --><\/div><\/div>\n<style type=\"text\/css\" data-created_by=\"avia_inline_auto\" id=\"style-css-av-av_section-a359a6222d738c5b1ae0b507e00432f5\">\n.avia-section.av-av_section-a359a6222d738c5b1ae0b507e00432f5{\nbackground-repeat:no-repeat;\nbackground-image:url(https:\/\/www.european-show-equipment.com\/wp-content\/uploads\/2023\/11\/SL-011719-17920-56-1.jpg);\nbackground-position:50% 0%;\nbackground-attachment:fixed;\n}\n.avia-section.av-av_section-a359a6222d738c5b1ae0b507e00432f5 .av-section-color-overlay{\nopacity:0.2;\nbackground-color:#000000;\n}\n<\/style>\n<div id='contact'  class='avia-section av-av_section-a359a6222d738c5b1ae0b507e00432f5 main_color avia-section-default avia-no-border-styling  avia-builder-el-21  el_after_av_section  avia-builder-el-last  avia-full-stretch avia-bg-style-fixed av-section-color-overlay-active container_wrap fullsize'  data-section-bg-repeat='stretch'><div class=\"av-section-color-overlay-wrap\"><div class=\"av-section-color-overlay\"><\/div><div class='container av-section-cont-open' ><div class='template-page content  av-content-full alpha units'><div class='post-entry post-entry-type-page post-entry-27859'><div class='entry-content-wrapper clearfix'>\n\n<style type=\"text\/css\" data-created_by=\"avia_inline_auto\" id=\"style-css-av-av_textblock-0d6370e05b3ccf7f19b7aca7791fa3b3\">\n#top .av_textblock_section.av-av_textblock-0d6370e05b3ccf7f19b7aca7791fa3b3 .avia_textblock{\ncolor:#ffffff;\n}\n<\/style>\n<section  class='av_textblock_section av-av_textblock-0d6370e05b3ccf7f19b7aca7791fa3b3'  =\"\" itemtype=\"https:\/\/schema.org\/CreativeWork\" ><div class='avia_textblock av_inherit_color'  itemprop=\"text\" ><p style=\"text-align: center;\"><span style=\"color: #ffffff;\"><a id=\"kontakt\"><\/a><br \/>\n<span style=\"font-size: 30pt;\"> <strong><br \/>\nContactez-nous d\u00e8s maintenant<\/strong><\/span> <\/span><\/p>\n<p style=\"text-align: center;\"><strong><span style=\"color: #ffffff; font-size: 18pt;\">par <strong>t\u00e9l\u00e9phone<\/strong>,\u00a0<strong>email<\/strong>, or via le\u00a0<strong>formulaire<\/strong>\u00a0ci-dessous<\/span><\/strong><\/p>\n<\/div><\/section>\n<div class='flex_column_table av-av_two_fifth-e516f6d31c20b40ab2cc2cabf22c1e77 sc-av_two_fifth av-equal-height-column-flextable'>\n<style type=\"text\/css\" data-created_by=\"avia_inline_auto\" id=\"style-css-av-av_two_fifth-e516f6d31c20b40ab2cc2cabf22c1e77\">\n.flex_column.av-av_two_fifth-e516f6d31c20b40ab2cc2cabf22c1e77{\nwidth:37.9%;\nmargin-left:0;\n-webkit-border-radius:20px 20px 20px 20px;\n-moz-border-radius:20px 20px 20px 20px;\nborder-radius:20px 20px 20px 20px;\npadding:1% 5% 1% 5%;\nbackground-color:#ffffff;\n}\n#top .flex_column_table.av-equal-height-column-flextable.av-av_two_fifth-e516f6d31c20b40ab2cc2cabf22c1e77 .av-flex-placeholder{\nwidth:3.5%;\n}\n<\/style>\n<div class='flex_column av-av_two_fifth-e516f6d31c20b40ab2cc2cabf22c1e77 av_two_fifth  avia-builder-el-23  el_after_av_textblock  el_before_av_three_fifth  first flex_column_table_cell av-equal-height-column av-align-middle column-top-margin'     ><p>\n<style type=\"text\/css\" data-created_by=\"avia_inline_auto\" id=\"style-css-av-av_hr-bcaa51aeb85e447e276b9277e0fe8762\">\n#top .hr.hr-invisible.av-av_hr-bcaa51aeb85e447e276b9277e0fe8762{\nheight:10px;\n}\n<\/style>\n<div  class='hr av-av_hr-bcaa51aeb85e447e276b9277e0fe8762 hr-invisible  avia-builder-el-24  el_before_av_textblock  avia-builder-el-first '><span class='hr-inner '><span class=\"hr-inner-style\"><\/span><\/span><\/div><br \/>\n<section  class='av_textblock_section av-av_textblock-d3d5a2a601c86f4849e44ac595c023fb'  =\"\" itemtype=\"https:\/\/schema.org\/CreativeWork\" ><div class='avia_textblock'  itemprop=\"text\" ><p style=\"text-align: center;\"><strong><span style=\"font-size: 14pt; color: #0b3a66;\">Votre Contact\u00a0<\/span><\/strong><\/p>\n<p style=\"text-align: center;\"><strong><span style=\"font-size: 14pt; color: #0b3a66;\">Alexandre Javogue<\/span><\/strong><\/p>\n<\/div><\/section><br \/>\n\n<style type=\"text\/css\" data-created_by=\"avia_inline_auto\" id=\"style-css-av-av_hr-bcaa51aeb85e447e276b9277e0fe8762\">\n#top .hr.hr-invisible.av-av_hr-bcaa51aeb85e447e276b9277e0fe8762{\nheight:10px;\n}\n<\/style>\n<div  class='hr av-av_hr-bcaa51aeb85e447e276b9277e0fe8762 hr-invisible  avia-builder-el-26  el_after_av_textblock  el_before_av_image '><span class='hr-inner '><span class=\"hr-inner-style\"><\/span><\/span><\/div><br \/>\n\n<style type=\"text\/css\" data-created_by=\"avia_inline_auto\" id=\"style-css-av-av_image-a644443e97bb79795226b08b97c01c95\">\n.avia-image-container.av-av_image-a644443e97bb79795226b08b97c01c95 img.avia_image{\nbox-shadow:none;\n}\n.avia-image-container.av-av_image-a644443e97bb79795226b08b97c01c95 .av-image-caption-overlay-center{\ncolor:#ffffff;\n}\n<\/style>\n<div  class='avia-image-container av-av_image-a644443e97bb79795226b08b97c01c95 av-styling- avia-align-center  avia-builder-el-27  el_after_av_hr  el_before_av_hr  roundedimage'   itemprop=\"image\" =\"\" itemtype=\"https:\/\/schema.org\/ImageObject\" ><div class=\"avia-image-container-inner\"><div class=\"avia-image-overlay-wrap\"><img decoding=\"async\" class='wp-image-38416 avia-img-lazy-loading-not-38416 avia_image ' src=\"https:\/\/www.european-show-equipment.com\/wp-content\/uploads\/2025\/05\/Alex-1-300x300.webp\" alt='Contact pour location mat\u00e9riel' title='Personne \u00e0 contacter'  height=\"300\" width=\"300\"  itemprop=\"thumbnailUrl\" srcset=\"https:\/\/www.european-show-equipment.com\/wp-content\/uploads\/2025\/05\/Alex-1-300x300.webp 300w, https:\/\/www.european-show-equipment.com\/wp-content\/uploads\/2025\/05\/Alex-1-1030x1030.webp 1030w, https:\/\/www.european-show-equipment.com\/wp-content\/uploads\/2025\/05\/Alex-1-80x80.webp 80w, https:\/\/www.european-show-equipment.com\/wp-content\/uploads\/2025\/05\/Alex-1-768x768.webp 768w, https:\/\/www.european-show-equipment.com\/wp-content\/uploads\/2025\/05\/Alex-1-36x36.webp 36w, https:\/\/www.european-show-equipment.com\/wp-content\/uploads\/2025\/05\/Alex-1-180x180.webp 180w, https:\/\/www.european-show-equipment.com\/wp-content\/uploads\/2025\/05\/Alex-1-705x705.webp 705w, https:\/\/www.european-show-equipment.com\/wp-content\/uploads\/2025\/05\/Alex-1.webp 1500w\" sizes=\"(max-width: 300px) 100vw, 300px\" \/><\/div><\/div><\/div><br \/>\n\n<style type=\"text\/css\" data-created_by=\"avia_inline_auto\" id=\"style-css-av-av_hr-bcaa51aeb85e447e276b9277e0fe8762\">\n#top .hr.hr-invisible.av-av_hr-bcaa51aeb85e447e276b9277e0fe8762{\nheight:10px;\n}\n<\/style>\n<div  class='hr av-av_hr-bcaa51aeb85e447e276b9277e0fe8762 hr-invisible  avia-builder-el-28  el_after_av_image  el_before_av_textblock '><span class='hr-inner '><span class=\"hr-inner-style\"><\/span><\/span><\/div><br \/>\n<section  class='av_textblock_section av-av_textblock-d3d5a2a601c86f4849e44ac595c023fb'  =\"\" itemtype=\"https:\/\/schema.org\/CreativeWork\" ><div class='avia_textblock'  itemprop=\"text\" ><p style=\"text-align: center;\"><span style=\"font-size: 14pt;\">Appelez-nous\u00a0au\u00a0<a href=\"tel:+33983032542\">+33 9 83 03 25 42<\/a><\/span><\/p>\n<p style=\"text-align: center;\"><span style=\"font-size: 14pt;\">ou par email \u00e0 <a class=\"PrimaryLink BaseLink\" href=\"mailto:location@ese-av.com\" target=\"_blank\" rel=\"noreferrer noopener\">location@ese-av.com<\/a><\/span><\/p>\n<\/div><\/section><br \/>\n\n<style type=\"text\/css\" data-created_by=\"avia_inline_auto\" id=\"style-css-av-av_hr-bcaa51aeb85e447e276b9277e0fe8762\">\n#top .hr.hr-invisible.av-av_hr-bcaa51aeb85e447e276b9277e0fe8762{\nheight:10px;\n}\n<\/style>\n<div  class='hr av-av_hr-bcaa51aeb85e447e276b9277e0fe8762 hr-invisible  avia-builder-el-30  el_after_av_textblock  avia-builder-el-last '><span class='hr-inner '><span class=\"hr-inner-style\"><\/span><\/span><\/div><\/p><\/div><div class='av-flex-placeholder'><\/div>\n<style type=\"text\/css\" data-created_by=\"avia_inline_auto\" id=\"style-css-av-av_three_fifth-04bc9b2638d68ec471f874ae3bcf6611\">\n.flex_column.av-av_three_fifth-04bc9b2638d68ec471f874ae3bcf6611{\nwidth:58.6%;\nmargin-left:0;\n-webkit-border-radius:20px 20px 20px 20px;\n-moz-border-radius:20px 20px 20px 20px;\nborder-radius:20px 20px 20px 20px;\npadding:1% 5% 1% 5%;\nbackground-color:#ffffff;\n}\n#top .flex_column_table.av-equal-height-column-flextable.av-av_three_fifth-04bc9b2638d68ec471f874ae3bcf6611 .av-flex-placeholder{\nwidth:3.5%;\n}\n<\/style>\n<div class='flex_column av-av_three_fifth-04bc9b2638d68ec471f874ae3bcf6611 av_three_fifth  avia-builder-el-31  el_after_av_two_fifth  avia-builder-el-last  flex_column_table_cell av-equal-height-column av-align-middle column-top-margin'     ><style type=\"text\/css\" data-created_by=\"avia_inline_auto\" id=\"style-css-av-av_textblock-2af349dab3c41ec8dbaffa46a4d1e1e3\">\n#top .av_textblock_section.av-av_textblock-2af349dab3c41ec8dbaffa46a4d1e1e3 .avia_textblock{\ncolor:#ffffff;\ntext-align:center;\n}\n<\/style>\n<section  class='av_textblock_section av-av_textblock-2af349dab3c41ec8dbaffa46a4d1e1e3'  =\"\" itemtype=\"https:\/\/schema.org\/CreativeWork\" ><div class='avia_textblock formular av_inherit_color'  itemprop=\"text\" ><p style=\"text-align: center;\"><div class=\"forminator-ui forminator-custom-form forminator-custom-form-36731 forminator-design--material forminator-enclosed forminator_ajax\" data-forminator-render=\"0\" data-form=\"forminator-module-36731\" data-uid=\"69f1bbd5191a2\"><br\/><\/div><form\n\t\t\t\tid=\"forminator-module-36731\"\n\t\t\t\tclass=\"forminator-ui forminator-custom-form forminator-custom-form-36731 forminator-design--material forminator-enclosed forminator_ajax\"\n\t\t\t\tmethod=\"post\"\n\t\t\t\tdata-forminator-render=\"0\"\n\t\t\t\tdata-form-id=\"36731\"\n\t\t\t\t data-color-option=\"default\" data-design=\"material\" data-grid=\"enclosed\" style=\"display: none;\"\n\t\t\t\tdata-uid=\"69f1bbd5191a2\"\n\t\t\t><div role=\"alert\" aria-live=\"polite\" class=\"forminator-response-message forminator-error\" aria-hidden=\"true\"><\/div><div class=\"forminator-row\"><div id=\"section-8\" class=\"forminator-field-section forminator-col forminator-col-12 \"><div class=\"forminator-field\"><\/div><\/div><\/div><div class=\"forminator-row\"><div id=\"html-1\" class=\"forminator-field-html forminator-col forminator-col-12 \"><div class=\"forminator-field forminator-merge-tags\" data-field=\"html-1\"><p style=\"font-size: 14pt;text-align: center;color: #0b3a66;font-weight: bold\">Parlez-nous de votre projet<\/p><\/div><\/div><\/div><div class=\"forminator-row\"><div id=\"text-11\" class=\"forminator-field-text forminator-col forminator-col-4 \"><div class=\"forminator-field\"><label for=\"forminator-field-text-11_69f1bbd5191a2\" id=\"forminator-field-text-11_69f1bbd5191a2-label\" class=\"forminator-label\">Pr\u00e9nom et Nom <span class=\"forminator-required\">*<\/span><\/label><input type=\"text\" name=\"text-11\" value=\"\" placeholder=\"\" id=\"forminator-field-text-11_69f1bbd5191a2\" class=\"forminator-input forminator-name--field\" data-required=\"1\" \/><\/div><\/div><div id=\"email-1\" class=\"forminator-field-email forminator-col forminator-col-4 \"><div class=\"forminator-field\"><label for=\"forminator-field-email-1_69f1bbd5191a2\" id=\"forminator-field-email-1_69f1bbd5191a2-label\" class=\"forminator-label\">Email <span class=\"forminator-required\">*<\/span><\/label><input type=\"email\" name=\"email-1\" value=\"\" placeholder=\"\" id=\"forminator-field-email-1_69f1bbd5191a2\" class=\"forminator-input forminator-email--field\" data-required=\"true\" aria-required=\"true\" autocomplete=\"email\" \/><\/div><\/div><div id=\"phone-1\" class=\"forminator-field-phone forminator-col forminator-col-4 \"><div class=\"forminator-field\"><label for=\"forminator-field-phone-1_69f1bbd5191a2\" id=\"forminator-field-phone-1_69f1bbd5191a2-label\" class=\"forminator-label\">Num\u00e9ro de t\u00e9l\u00e9phone <span class=\"forminator-required\">*<\/span><\/label><input type=\"text\" name=\"phone-1\" value=\"\" placeholder=\"\" id=\"forminator-field-phone-1_69f1bbd5191a2\" class=\"forminator-input forminator-field--phone\" data-required=\"1\" aria-required=\"true\" autocomplete=\"off\" \/><\/div><\/div><\/div><div class=\"forminator-row\"><div id=\"text-12\" class=\"forminator-field-text forminator-col forminator-col-4 \"><div class=\"forminator-field\"><label for=\"forminator-field-text-12_69f1bbd5191a2\" id=\"forminator-field-text-12_69f1bbd5191a2-label\" class=\"forminator-label\">Nom de la soci\u00e9t\u00e9 <span class=\"forminator-required\">*<\/span><\/label><input type=\"text\" name=\"text-12\" value=\"\" placeholder=\"\" id=\"forminator-field-text-12_69f1bbd5191a2\" class=\"forminator-input forminator-name--field\" data-required=\"1\" \/><\/div><\/div><div id=\"text-13\" class=\"forminator-field-text forminator-col forminator-col-4 \"><div class=\"forminator-field\"><label for=\"forminator-field-text-13_69f1bbd5191a2\" id=\"forminator-field-text-13_69f1bbd5191a2-label\" class=\"forminator-label\">Lieu de l&#039;\u00e9v\u00e9nement <span class=\"forminator-required\">*<\/span><\/label><input type=\"text\" name=\"text-13\" value=\"\" placeholder=\"\" id=\"forminator-field-text-13_69f1bbd5191a2\" class=\"forminator-input forminator-name--field\" data-required=\"1\" \/><\/div><\/div><div id=\"date-1\" class=\"forminator-field-date forminator-col forminator-col-4 \"><div class=\"forminator-field\"><label for=\"forminator-field-date-1-picker_69f1bbd5191a2\" id=\"forminator-field-date-1-picker_69f1bbd5191a2-label\" class=\"forminator-label\">Date de l&#039;\u00e9v\u00e9nement<\/label><input autocomplete=\"off\" type=\"text\" size=\"1\" name=\"date-1\" value=\"\" placeholder=\"\" id=\"forminator-field-date-1-picker_69f1bbd5191a2\" class=\"forminator-input forminator-datepicker\" data-required=\"\" data-format=\"mm\/dd\/yy\" data-restrict-type=\"\" data-restrict=\"\" data-start-year=\"2026\" data-end-year=\"2035\" data-past-dates=\"enable\" data-start-of-week=\"1\" data-start-date=\"2026-04-29\" data-end-date=\"12\/31\/2035\" data-start-field=\"\" data-end-field=\"\" data-start-offset=\"\" data-end-offset=\"\" data-disable-date=\"\" data-disable-range=\"\" \/><\/div><\/div><\/div><div class=\"forminator-row\"><div id=\"text-14\" class=\"forminator-field-text forminator-col forminator-col-12 \"><div class=\"forminator-field\"><label for=\"forminator-field-text-14_69f1bbd5191a2\" id=\"forminator-field-text-14_69f1bbd5191a2-label\" class=\"forminator-label\">Message <span class=\"forminator-required\">*<\/span><\/label><input type=\"text\" name=\"text-14\" value=\"\" placeholder=\"\" id=\"forminator-field-text-14_69f1bbd5191a2\" class=\"forminator-input forminator-name--field\" data-required=\"1\" \/><\/div><\/div><\/div><div class=\"forminator-row\"><div id=\"consent-1\" class=\"forminator-field-consent forminator-col forminator-col-12 \"><div class=\"forminator-field\"><div class=\"forminator-checkbox__wrapper\"><label id=\"forminator-field-consent-1_69f1bbd5191a2__label\" class=\"forminator-checkbox forminator-consent\" aria-labelledby=\"forminator-field-consent-1_69f1bbd5191a2-label\"><input type=\"checkbox\" name=\"consent-1\" id=\"forminator-field-consent-1_69f1bbd5191a2\" value=\"checked\" aria-labelledby=\"forminator-field-consent-1_69f1bbd5191a2-label\" aria-describedby=\"forminator-field-consent-1_69f1bbd5191a2__description\" data-required=\"true\" aria-required=\"true\" \/><span class=\"forminator-checkbox-box\" aria-hidden=\"true\"><\/span><\/label><div id=\"forminator-field-consent-1_69f1bbd5191a2__description\" class=\"forminator-checkbox__label forminator-consent__label\"><p>Je suis d'accord avec la <a href=\"https:\/\/www.european-show-equipment.com\/en\/privacy-policy\/\">politique de confidentialit\u00e9<\/a>.<\/p><\/div><\/div><\/div><\/div><\/div><input type=\"hidden\" name=\"referer_url\" value=\"\" \/><div class=\"forminator-row forminator-row-last\"><div class=\"forminator-col\"><div class=\"forminator-field\"><button class=\"forminator-button forminator-button-submit\"><span>Envoyer<\/span><span aria-hidden=\"true\"><\/span><\/button><\/div><\/div><\/div><input type=\"hidden\" id=\"forminator_nonce\" name=\"forminator_nonce\" value=\"e758084f8a\" \/><input type=\"hidden\" name=\"_wp_http_referer\" value=\"\/fr\/wp-json\/wp\/v2\/portfolio\/27859\" \/><input type=\"hidden\" name=\"form_id\" value=\"36731\"><input type=\"hidden\" name=\"page_id\" value=\"27859\"><input type=\"hidden\" name=\"form_type\" value=\"default\"><input type=\"hidden\" name=\"current_url\" value=\"https:\/\/www.european-show-equipment.com\/fr\/portfolio-item\/prestataire-audiovisuel-cannes\/\"><input type=\"hidden\" name=\"render_id\" value=\"0\"><input type=\"hidden\" name=\"action\" value=\"forminator_submit_form_custom-forms\"><label for=\"input_9\" class=\"forminator-hidden\" aria-hidden=\"true\">Veuillez ne pas remplir ce champ. <input id=\"input_9\" type=\"text\" name=\"input_9\" value=\"\" autocomplete=\"off\"><\/label><\/form><\/p>\n<\/div><\/section><\/div><\/div><!--close column table wrapper. Autoclose: 1 -->\n\n","protected":false},"excerpt":{"rendered":"","protected":false},"featured_media":26688,"comment_status":"closed","ping_status":"closed","template":"","tags":[],"portfolio_entries":[23],"class_list":{"0":"post-27859","1":"portfolio","2":"type-portfolio","3":"status-publish","4":"has-post-thumbnail","6":"portfolio_entries-projekte-fr"},"yoast_head":"<!-- This site is optimized with the Yoast SEO Premium plugin v21.8 (Yoast SEO v27.5) - https:\/\/yoast.com\/product\/yoast-seo-premium-wordpress\/ -->\n<title>Prestataire Audiovisuel \u00e0 Cannes Tax Free 2023 - ESE European Show Equipment<\/title>\n<meta name=\"description\" content=\"Prestataire audiovisuel \u00e0 Cannes \u2713 \u00c9crans g\u00e9ants \u2713 Location mat\u00e9riel \u00e9v\u00e9nementiel \u2713 Service complet au TFWA \u25b7 R\u00e9servez d\u00e8s maintenant !\" \/>\n<meta name=\"robots\" content=\"index, follow, max-snippet:-1, max-image-preview:large, max-video-preview:-1\" \/>\n<link rel=\"canonical\" href=\"https:\/\/www.european-show-equipment.com\/fr\/portfolio-item\/prestataire-audiovisuel-cannes\/\" \/>\n<meta property=\"og:locale\" content=\"fr_FR\" \/>\n<meta property=\"og:type\" content=\"article\" \/>\n<meta property=\"og:title\" content=\"Prestataire Audiovisuel \u00e0 Cannes Tax Free 2023\" \/>\n<meta property=\"og:description\" content=\"Prestataire audiovisuel \u00e0 Cannes \u2713 \u00c9crans g\u00e9ants \u2713 Location mat\u00e9riel \u00e9v\u00e9nementiel \u2713 Service complet au TFWA \u25b7 R\u00e9servez d\u00e8s maintenant !\" \/>\n<meta property=\"og:url\" content=\"https:\/\/www.european-show-equipment.com\/fr\/portfolio-item\/prestataire-audiovisuel-cannes\/\" \/>\n<meta property=\"og:site_name\" content=\"ESE European Show Equipment\" \/>\n<meta property=\"article:publisher\" content=\"https:\/\/www.facebook.com\/ese.european.show.equipment\" \/>\n<meta property=\"article:modified_time\" content=\"2025-08-25T16:25:59+00:00\" \/>\n<meta property=\"og:image\" content=\"https:\/\/www.european-show-equipment.com\/wp-content\/uploads\/2023\/10\/IMG_0662-1-1.webp\" \/>\n\t<meta property=\"og:image:width\" content=\"1500\" \/>\n\t<meta property=\"og:image:height\" content=\"1125\" \/>\n\t<meta property=\"og:image:type\" content=\"image\/webp\" \/>\n<meta name=\"twitter:card\" content=\"summary_large_image\" \/>\n<meta name=\"twitter:site\" content=\"@europeanshow\" \/>\n<meta name=\"twitter:label1\" content=\"Dur\u00e9e de lecture estim\u00e9e\" \/>\n\t<meta name=\"twitter:data1\" content=\"5 minutes\" \/>\n<script type=\"application\/ld+json\" class=\"yoast-schema-graph\">{\"@context\":\"https:\\\/\\\/schema.org\",\"@graph\":[{\"@type\":\"WebPage\",\"@id\":\"https:\\\/\\\/www.european-show-equipment.com\\\/fr\\\/portfolio-item\\\/prestataire-audiovisuel-cannes\\\/\",\"url\":\"https:\\\/\\\/www.european-show-equipment.com\\\/fr\\\/portfolio-item\\\/prestataire-audiovisuel-cannes\\\/\",\"name\":\"Prestataire Audiovisuel \u00e0 Cannes Tax Free 2023 - ESE European Show Equipment\",\"isPartOf\":{\"@id\":\"https:\\\/\\\/www.european-show-equipment.com\\\/fr\\\/#website\"},\"primaryImageOfPage\":{\"@id\":\"https:\\\/\\\/www.european-show-equipment.com\\\/fr\\\/portfolio-item\\\/prestataire-audiovisuel-cannes\\\/#primaryimage\"},\"image\":{\"@id\":\"https:\\\/\\\/www.european-show-equipment.com\\\/fr\\\/portfolio-item\\\/prestataire-audiovisuel-cannes\\\/#primaryimage\"},\"thumbnailUrl\":\"https:\\\/\\\/www.european-show-equipment.com\\\/wp-content\\\/uploads\\\/2023\\\/10\\\/IMG_0662-1-1.webp\",\"description\":\"Prestataire audiovisuel \u00e0 Cannes \u2713 \u00c9crans g\u00e9ants \u2713 Location mat\u00e9riel \u00e9v\u00e9nementiel \u2713 Service complet au TFWA \u25b7 R\u00e9servez d\u00e8s maintenant !\",\"breadcrumb\":{\"@id\":\"https:\\\/\\\/www.european-show-equipment.com\\\/fr\\\/portfolio-item\\\/prestataire-audiovisuel-cannes\\\/#breadcrumb\"},\"inLanguage\":\"fr-FR\",\"potentialAction\":[{\"@type\":\"ReadAction\",\"target\":[\"https:\\\/\\\/www.european-show-equipment.com\\\/fr\\\/portfolio-item\\\/prestataire-audiovisuel-cannes\\\/\"]}]},{\"@type\":\"ImageObject\",\"inLanguage\":\"fr-FR\",\"@id\":\"https:\\\/\\\/www.european-show-equipment.com\\\/fr\\\/portfolio-item\\\/prestataire-audiovisuel-cannes\\\/#primaryimage\",\"url\":\"https:\\\/\\\/www.european-show-equipment.com\\\/wp-content\\\/uploads\\\/2023\\\/10\\\/IMG_0662-1-1.webp\",\"contentUrl\":\"https:\\\/\\\/www.european-show-equipment.com\\\/wp-content\\\/uploads\\\/2023\\\/10\\\/IMG_0662-1-1.webp\",\"width\":1500,\"height\":1125},{\"@type\":\"BreadcrumbList\",\"@id\":\"https:\\\/\\\/www.european-show-equipment.com\\\/fr\\\/portfolio-item\\\/prestataire-audiovisuel-cannes\\\/#breadcrumb\",\"itemListElement\":[{\"@type\":\"ListItem\",\"position\":1,\"name\":\"Home\",\"item\":\"https:\\\/\\\/www.european-show-equipment.com\\\/fr\\\/accueil\\\/\"},{\"@type\":\"ListItem\",\"position\":2,\"name\":\"Projekte\",\"item\":\"https:\\\/\\\/www.european-show-equipment.com\\\/fr\\\/portfolio_entries\\\/projekte-fr\\\/\"},{\"@type\":\"ListItem\",\"position\":3,\"name\":\"Prestataire Audiovisuel \u00e0 Cannes Tax Free 2023\"}]},{\"@type\":\"WebSite\",\"@id\":\"https:\\\/\\\/www.european-show-equipment.com\\\/fr\\\/#website\",\"url\":\"https:\\\/\\\/www.european-show-equipment.com\\\/fr\\\/\",\"name\":\"ESE European Show Equipment\",\"description\":\"Your Partner For Professional Show Equipment\",\"publisher\":{\"@id\":\"https:\\\/\\\/www.european-show-equipment.com\\\/fr\\\/#organization\"},\"potentialAction\":[{\"@type\":\"SearchAction\",\"target\":{\"@type\":\"EntryPoint\",\"urlTemplate\":\"https:\\\/\\\/www.european-show-equipment.com\\\/fr\\\/?s={search_term_string}\"},\"query-input\":{\"@type\":\"PropertyValueSpecification\",\"valueRequired\":true,\"valueName\":\"search_term_string\"}}],\"inLanguage\":\"fr-FR\"},{\"@type\":\"Organization\",\"@id\":\"https:\\\/\\\/www.european-show-equipment.com\\\/fr\\\/#organization\",\"name\":\"ESE European Show Equipment\",\"url\":\"https:\\\/\\\/www.european-show-equipment.com\\\/fr\\\/\",\"logo\":{\"@type\":\"ImageObject\",\"inLanguage\":\"fr-FR\",\"@id\":\"https:\\\/\\\/www.european-show-equipment.com\\\/fr\\\/#\\\/schema\\\/logo\\\/image\\\/\",\"url\":\"https:\\\/\\\/www.european-show-equipment.com\\\/wp-content\\\/uploads\\\/2021\\\/01\\\/logo_ESE_sm_.jpg\",\"contentUrl\":\"https:\\\/\\\/www.european-show-equipment.com\\\/wp-content\\\/uploads\\\/2021\\\/01\\\/logo_ESE_sm_.jpg\",\"width\":221,\"height\":46,\"caption\":\"ESE European Show Equipment\"},\"image\":{\"@id\":\"https:\\\/\\\/www.european-show-equipment.com\\\/fr\\\/#\\\/schema\\\/logo\\\/image\\\/\"},\"sameAs\":[\"https:\\\/\\\/www.facebook.com\\\/ese.european.show.equipment\",\"https:\\\/\\\/x.com\\\/europeanshow\",\"https:\\\/\\\/www.linkedin.com\\\/company\\\/ese-european-show-equipment\\\/\"]}]}<\/script>\n<!-- \/ Yoast SEO Premium plugin. -->","yoast_head_json":{"title":"Prestataire Audiovisuel \u00e0 Cannes Tax Free 2023 - ESE European Show Equipment","description":"Prestataire audiovisuel \u00e0 Cannes \u2713 \u00c9crans g\u00e9ants \u2713 Location mat\u00e9riel \u00e9v\u00e9nementiel \u2713 Service complet au TFWA \u25b7 R\u00e9servez d\u00e8s maintenant !","robots":{"index":"index","follow":"follow","max-snippet":"max-snippet:-1","max-image-preview":"max-image-preview:large","max-video-preview":"max-video-preview:-1"},"canonical":"https:\/\/www.european-show-equipment.com\/fr\/portfolio-item\/prestataire-audiovisuel-cannes\/","og_locale":"fr_FR","og_type":"article","og_title":"Prestataire Audiovisuel \u00e0 Cannes Tax Free 2023","og_description":"Prestataire audiovisuel \u00e0 Cannes \u2713 \u00c9crans g\u00e9ants \u2713 Location mat\u00e9riel \u00e9v\u00e9nementiel \u2713 Service complet au TFWA \u25b7 R\u00e9servez d\u00e8s maintenant !","og_url":"https:\/\/www.european-show-equipment.com\/fr\/portfolio-item\/prestataire-audiovisuel-cannes\/","og_site_name":"ESE European Show Equipment","article_publisher":"https:\/\/www.facebook.com\/ese.european.show.equipment","article_modified_time":"2025-08-25T16:25:59+00:00","og_image":[{"width":1500,"height":1125,"url":"https:\/\/www.european-show-equipment.com\/wp-content\/uploads\/2023\/10\/IMG_0662-1-1.webp","type":"image\/webp"}],"twitter_card":"summary_large_image","twitter_site":"@europeanshow","twitter_misc":{"Dur\u00e9e de lecture estim\u00e9e":"5 minutes"},"schema":{"@context":"https:\/\/schema.org","@graph":[{"@type":"WebPage","@id":"https:\/\/www.european-show-equipment.com\/fr\/portfolio-item\/prestataire-audiovisuel-cannes\/","url":"https:\/\/www.european-show-equipment.com\/fr\/portfolio-item\/prestataire-audiovisuel-cannes\/","name":"Prestataire Audiovisuel \u00e0 Cannes Tax Free 2023 - ESE European Show Equipment","isPartOf":{"@id":"https:\/\/www.european-show-equipment.com\/fr\/#website"},"primaryImageOfPage":{"@id":"https:\/\/www.european-show-equipment.com\/fr\/portfolio-item\/prestataire-audiovisuel-cannes\/#primaryimage"},"image":{"@id":"https:\/\/www.european-show-equipment.com\/fr\/portfolio-item\/prestataire-audiovisuel-cannes\/#primaryimage"},"thumbnailUrl":"https:\/\/www.european-show-equipment.com\/wp-content\/uploads\/2023\/10\/IMG_0662-1-1.webp","description":"Prestataire audiovisuel \u00e0 Cannes \u2713 \u00c9crans g\u00e9ants \u2713 Location mat\u00e9riel \u00e9v\u00e9nementiel \u2713 Service complet au TFWA \u25b7 R\u00e9servez d\u00e8s maintenant !","breadcrumb":{"@id":"https:\/\/www.european-show-equipment.com\/fr\/portfolio-item\/prestataire-audiovisuel-cannes\/#breadcrumb"},"inLanguage":"fr-FR","potentialAction":[{"@type":"ReadAction","target":["https:\/\/www.european-show-equipment.com\/fr\/portfolio-item\/prestataire-audiovisuel-cannes\/"]}]},{"@type":"ImageObject","inLanguage":"fr-FR","@id":"https:\/\/www.european-show-equipment.com\/fr\/portfolio-item\/prestataire-audiovisuel-cannes\/#primaryimage","url":"https:\/\/www.european-show-equipment.com\/wp-content\/uploads\/2023\/10\/IMG_0662-1-1.webp","contentUrl":"https:\/\/www.european-show-equipment.com\/wp-content\/uploads\/2023\/10\/IMG_0662-1-1.webp","width":1500,"height":1125},{"@type":"BreadcrumbList","@id":"https:\/\/www.european-show-equipment.com\/fr\/portfolio-item\/prestataire-audiovisuel-cannes\/#breadcrumb","itemListElement":[{"@type":"ListItem","position":1,"name":"Home","item":"https:\/\/www.european-show-equipment.com\/fr\/accueil\/"},{"@type":"ListItem","position":2,"name":"Projekte","item":"https:\/\/www.european-show-equipment.com\/fr\/portfolio_entries\/projekte-fr\/"},{"@type":"ListItem","position":3,"name":"Prestataire Audiovisuel \u00e0 Cannes Tax Free 2023"}]},{"@type":"WebSite","@id":"https:\/\/www.european-show-equipment.com\/fr\/#website","url":"https:\/\/www.european-show-equipment.com\/fr\/","name":"ESE European Show Equipment","description":"Your Partner For Professional Show Equipment","publisher":{"@id":"https:\/\/www.european-show-equipment.com\/fr\/#organization"},"potentialAction":[{"@type":"SearchAction","target":{"@type":"EntryPoint","urlTemplate":"https:\/\/www.european-show-equipment.com\/fr\/?s={search_term_string}"},"query-input":{"@type":"PropertyValueSpecification","valueRequired":true,"valueName":"search_term_string"}}],"inLanguage":"fr-FR"},{"@type":"Organization","@id":"https:\/\/www.european-show-equipment.com\/fr\/#organization","name":"ESE European Show Equipment","url":"https:\/\/www.european-show-equipment.com\/fr\/","logo":{"@type":"ImageObject","inLanguage":"fr-FR","@id":"https:\/\/www.european-show-equipment.com\/fr\/#\/schema\/logo\/image\/","url":"https:\/\/www.european-show-equipment.com\/wp-content\/uploads\/2021\/01\/logo_ESE_sm_.jpg","contentUrl":"https:\/\/www.european-show-equipment.com\/wp-content\/uploads\/2021\/01\/logo_ESE_sm_.jpg","width":221,"height":46,"caption":"ESE European Show Equipment"},"image":{"@id":"https:\/\/www.european-show-equipment.com\/fr\/#\/schema\/logo\/image\/"},"sameAs":["https:\/\/www.facebook.com\/ese.european.show.equipment","https:\/\/x.com\/europeanshow","https:\/\/www.linkedin.com\/company\/ese-european-show-equipment\/"]}]}},"_links":{"self":[{"href":"https:\/\/www.european-show-equipment.com\/fr\/wp-json\/wp\/v2\/portfolio\/27859","targetHints":{"allow":["GET"]}}],"collection":[{"href":"https:\/\/www.european-show-equipment.com\/fr\/wp-json\/wp\/v2\/portfolio"}],"about":[{"href":"https:\/\/www.european-show-equipment.com\/fr\/wp-json\/wp\/v2\/types\/portfolio"}],"replies":[{"embeddable":true,"href":"https:\/\/www.european-show-equipment.com\/fr\/wp-json\/wp\/v2\/comments?post=27859"}],"version-history":[{"count":0,"href":"https:\/\/www.european-show-equipment.com\/fr\/wp-json\/wp\/v2\/portfolio\/27859\/revisions"}],"wp:featuredmedia":[{"embeddable":true,"href":"https:\/\/www.european-show-equipment.com\/fr\/wp-json\/wp\/v2\/media\/26688"}],"wp:attachment":[{"href":"https:\/\/www.european-show-equipment.com\/fr\/wp-json\/wp\/v2\/media?parent=27859"}],"wp:term":[{"taxonomy":"post_tag","embeddable":true,"href":"https:\/\/www.european-show-equipment.com\/fr\/wp-json\/wp\/v2\/tags?post=27859"},{"taxonomy":"portfolio_entries","embeddable":true,"href":"https:\/\/www.european-show-equipment.com\/fr\/wp-json\/wp\/v2\/portfolio_entries?post=27859"}],"curies":[{"name":"wp","href":"https:\/\/api.w.org\/{rel}","templated":true}]}}